    {"id":2575,"date":"2024-12-18T13:02:58","date_gmt":"2024-12-18T23:02:58","guid":{"rendered":"https:\/\/dictionnaire-cep.upf.pf\/ressources\/ressources-iconographiques\/"},"modified":"2025-01-31T11:53:00","modified_gmt":"2025-01-31T21:53:00","slug":"ressources-iconographiques","status":"publish","type":"page","link":"https:\/\/dictionnaire-cep.upf.pf\/tah\/ressources\/ressources-iconographiques\/","title":{"rendered":"Ressources iconographiques"},"content":{"rendered":"<!--themify_builder_content-->\n<div id=\"themify_builder_content-2575\" data-postid=\"2575\" class=\"themify_builder_content themify_builder_content-2575 themify_builder tf_clear\">\n                    <div  data-css_id=\"jv7h359\" data-lazy=\"1\" class=\"module_row themify_builder_row fullwidth_row_container tb_jv7h359 tb_first tf_w wow\" data-tf-animation=\"fadeIn\">\n            <span class=\"builder_row_cover tf_abs\"><\/span>            <div class=\"row_inner col_align_top tb_col_count_1 tf_box tf_rel\">\n                        <div  data-lazy=\"1\" class=\"module_column tb-column col-full tb_1paw359 first\">\n                    <!-- module text -->\n<div  class=\"module module-text tb_nkpf511   \" data-lazy=\"1\">\n        <div  class=\"tb_text_wrap\">\n        <h1>Ressources iconographiques<\/h1>    <\/div>\n<\/div>\n<!-- \/module text -->        <\/div>\n                        <\/div>\n        <\/div>\n                        <div  data-lazy=\"1\" class=\"module_row themify_builder_row tb_hzbs771 tf_w\">\n                        <div class=\"row_inner col_align_top tb_col_count_1 tf_box tf_rel\">\n                        <div  data-lazy=\"1\" class=\"module_column tb-column col-full tb_6mn6771 first\">\n                    <!-- Breadcrumbs module -->\n<div  class=\"module module-breadcrumbs tb_60io648 \" data-lazy=\"1\">\n\t<nav role=\"navigation\" aria-label=\"Breadcrumbs\" class=\"tbp_breadcrumb_trail\"><ul class=\"tbp_trail_items\" itemscope itemtype=\"http:\/\/schema.org\/BreadcrumbList\"><meta name=\"numberOfItems\" content=\"1\" \/><meta name=\"itemListOrder\" content=\"Ascending\" \/><li itemprop=\"itemListElement\" itemscope itemtype=\"https:\/\/schema.org\/ListItem\" class=\"tbp_trail_item tbp_trail_end\"><a itemprop=\"item\" href=\"https:\/\/dictionnaire-cep.upf.pf\/tah\/\" rel=\"home\"><span itemprop=\"name\">Accueil<\/span><\/a><meta itemprop=\"position\" content=\"1\" \/><\/li><\/ul><\/nav><\/div><!-- \/Breadcrumbs module -->\n        <\/div>\n                        <\/div>\n        <\/div>\n                        <div  data-lazy=\"1\" class=\"module_row themify_builder_row tb_jtqc459 tf_w\">\n                        <div class=\"row_inner col_align_top tb_col_count_1 tf_box tf_rel\">\n                        <div  data-lazy=\"1\" class=\"module_column tb-column col-full tb_sxnm459 first\">\n                    <!-- module text -->\n<div  class=\"module module-text tb_ozvd953   \" data-lazy=\"1\">\n        <div  class=\"tb_text_wrap\">\n        <p>Le fonds photographique de l\u2019\u00c9tablissement de communication et de production audiovisuelle de la D\u00e9fense (ECPAD)<\/p>\n<p>La forte pr\u00e9sence militaire au sein du Centre d\u2019exp\u00e9rimentation du Pacifique (CEP) a amen\u00e9 en Polyn\u00e9sie fran\u00e7aise des photographes et cameramen de cet \u00e9tablissement \u2013 bas\u00e9 au fort d\u2019Ivry (Val-de-Marne) et relevant du minist\u00e8re des Arm\u00e9es \u2013 pour documenter par l\u2019image les infrastructures, missions et personnels du centre \u00e0 des fins d\u2019information et de communication.<\/p>\n<p>Ces reportages sont des t\u00e9moignages pr\u00e9cieux pour mieux comprendre, des ann\u00e9es 1960 aux ann\u00e9es 1990, les changements li\u00e9s \u00e0 l\u2019implantation et aux activit\u00e9s CEP sur la Polyn\u00e9sie fran\u00e7aise et sa soci\u00e9t\u00e9.<\/p>\n<p>Vous trouverez sur le lien suivant les photographies et films pour la p\u00e9riode 1964-1989 disponible sur le site Images D\u00e9fense g\u00e9r\u00e9 par l\u2019ECPAD : <a href=\"https:\/\/imagesdefense.gouv.fr\/fr\/nos-collections\/chronologie\/1963-1989\/forces-de-souverainete-outre-mer\/polynesie-francaise-1964-1989.html\">https:\/\/imagesdefense.gouv.fr\/fr\/nos-collections\/chronologie\/1963-1989\/forces-de-souverainete-outre-mer\/polynesie-francaise-1964-1989.html<\/a>&nbsp;&nbsp;<\/p>\n<p>Les photographies pr\u00e9sent\u00e9es et l\u00e9gend\u00e9es ci-dessous renvoient \u00e9galement vers les reportages complets lorsqu\u2019ils sont disponibles en ligne sur le site Images D\u00e9fense.<\/p>    <\/div>\n<\/div>\n<!-- \/module text -->        <\/div>\n                        <\/div>\n        <\/div>\n                        <div  data-lazy=\"1\" class=\"module_row themify_builder_row tb_scz4776 tf_w\">\n                        <div class=\"row_inner col_align_top tb_col_count_1 tf_box tf_rel\">\n                        <div  data-lazy=\"1\" class=\"module_column tb-column col-full tb_8t4v777 first\">\n                    <!-- module divider -->\n<div  class=\"module tf_mw module-divider tb_a3g2805 solid  divider-custom divider-center\" style=\"border-width: 1px;border-color: #737373;margin-top: 100px;margin-bottom: 100px;width: 700px;\" data-lazy=\"1\">\n    <\/div>\n<!-- \/module divider -->\n        <\/div>\n                        <\/div>\n        <\/div>\n                        <div  data-lazy=\"1\" class=\"module_row themify_builder_row tb_3s6r523 tf_w\">\n                        <div class=\"row_inner col_align_top tb_col_count_1 tf_box tf_rel\">\n                        <div  data-lazy=\"1\" class=\"module_column tb-column col-full tb_usih523 first\">\n                    <!-- advanced-posts module -->\n<div  class=\"module module-advanced-posts tb_ok10295   themify_builder_content-ok10295\" data-lazy=\"1\">\n\t\n\t\t\n\t\t<div  class=\"builder-posts-wrap loops-wrapper ressource tbp_masonry masonry grid2 classic tf_rel tf_clear tf_clearfix\" data-lazy=\"1\">\n\n\t\t\t\n\t\t\t\n\t\t\t\t\n\t\t\t\t\n\t\t\t\t<article id=\"post-2606\" class=\"post tf_clearfix post-2606 ressource type-ressource status-publish hentry categorie-de-ressources-iconographies has-post-title has-post-date has-post-category has-post-tag has-post-comment has-post-author \">\n\t\t\t\t\t    <div class=\"tbp_advanced_archive_wrap\">\n\t                <div  data-lazy=\"1\" class=\"module_row themify_builder_row tb_huae107 tf_w\">\n                        <div class=\"row_inner col_align_top tb_col_count_1 tf_box tf_rel\">\n                        <div  data-lazy=\"1\" class=\"module_column tb-column col-full tb_hcxs107 first\">\n                    <!-- module image -->\n<div  class=\"module module-image tb_7ije685 image-top   tf_mw\" data-lazy=\"1\">\n        <div class=\"image-wrap tf_rel tf_mw\">\n            <a href=\"https:\/\/dictionnaire-cep.upf.pf\/wp-content\/uploads\/2025\/01\/Autocollant-affiche\u0301-un-peu-partout-sur-latoll-de-Moruroa-e\u0301te\u0301-1995.jpg\" class=\"lightbox-builder themify_lightbox\">\n                   <img loading=\"lazy\" decoding=\"async\" width=\"2500\" height=\"1685\" src=\"https:\/\/dictionnaire-cep.upf.pf\/wp-content\/uploads\/2025\/01\/Autocollant-affiche\u0301-un-peu-partout-sur-latoll-de-Moruroa-e\u0301te\u0301-1995.jpg\" class=\"wp-post-image wp-image-2570\" title=\"Autocollant affiche\u0301 un peu partout sur l\u2019atoll de Moruroa, e\u0301te\u0301 1995\" alt=\"Autocollant affiche\u0301 un peu partout sur l\u2019atoll de Moruroa, e\u0301te\u0301 1995\" srcset=\"https:\/\/dictionnaire-cep.upf.pf\/wp-content\/uploads\/2025\/01\/Autocollant-affiche\u0301-un-peu-partout-sur-latoll-de-Moruroa-e\u0301te\u0301-1995.jpg 2500w, https:\/\/dictionnaire-cep.upf.pf\/wp-content\/uploads\/2025\/01\/Autocollant-affiche\u0301-un-peu-partout-sur-latoll-de-Moruroa-e\u0301te\u0301-1995-300x202.jpg 300w, https:\/\/dictionnaire-cep.upf.pf\/wp-content\/uploads\/2025\/01\/Autocollant-affiche\u0301-un-peu-partout-sur-latoll-de-Moruroa-e\u0301te\u0301-1995-1024x690.jpg 1024w, https:\/\/dictionnaire-cep.upf.pf\/wp-content\/uploads\/2025\/01\/Autocollant-affiche\u0301-un-peu-partout-sur-latoll-de-Moruroa-e\u0301te\u0301-1995-768x518.jpg 768w, https:\/\/dictionnaire-cep.upf.pf\/wp-content\/uploads\/2025\/01\/Autocollant-affiche\u0301-un-peu-partout-sur-latoll-de-Moruroa-e\u0301te\u0301-1995-1536x1035.jpg 1536w, https:\/\/dictionnaire-cep.upf.pf\/wp-content\/uploads\/2025\/01\/Autocollant-affiche\u0301-un-peu-partout-sur-latoll-de-Moruroa-e\u0301te\u0301-1995-2048x1380.jpg 2048w\" sizes=\"auto, (max-width: 2500px) 100vw, 2500px\" \/>        <\/a>\n    \n        <\/div>\n    <!-- \/image-wrap -->\n    \n        <\/div>\n<!-- \/module image --><!-- module text -->\n<div  class=\"module module-text tb_sszy438   \" data-lazy=\"1\">\n        <div  class=\"tb_text_wrap\">\n        <p class=\"p1\">Autocollant affich\u00e9 un peu partout sur l\u2019atoll de Moruroa, \u00e9t\u00e9 1995<\/p>\n<p class=\"p1\">07 95 158 81 \u00a9 Dominique Viola\/ECPAD\/D\u00e9fense<\/p>\n<p class=\"p2\"><span class=\"s1\">Lien vers le reportage (216 clich\u00e9s) : <\/span><a href=\"https:\/\/imagesdefense.gouv.fr\/fr\/preparation-des-derniers-essais-nucleaires-francais-dans-l-atoll-de-mururoa-et-operation-nautile-ii-d-arraisonnement-du-navire-raibow-warrior-de-l-ong-greenpeace.html\">https:\/\/imagesdefense.gouv.fr\/fr\/preparation-des-derniers-essais-nucleaires-francais-dans-l-atoll-de-mururoa-et-operation-nautile-ii-d-arraisonnement-du-navire-raibow-warrior-de-l-ong-greenpeace.html<\/a><\/p>\n    <\/div>\n<\/div>\n<!-- \/module text -->        <\/div>\n                        <\/div>\n        <\/div>\n            <\/div>\n\t\t\t\t<\/article>\n\n\t\t\t\t\n\t\t\t\t\n\t\t\t\n\t\t\t\t\n\t\t\t\t\n\t\t\t\t<article id=\"post-2605\" class=\"post tf_clearfix post-2605 ressource type-ressource status-publish hentry categorie-de-ressources-iconographies has-post-title has-post-date has-post-category has-post-tag has-post-comment has-post-author \">\n\t\t\t\t\t    <div class=\"tbp_advanced_archive_wrap\">\n\t                <div  data-lazy=\"1\" class=\"module_row themify_builder_row tb_huae107 tf_w\">\n                        <div class=\"row_inner col_align_top tb_col_count_1 tf_box tf_rel\">\n                        <div  data-lazy=\"1\" class=\"module_column tb-column col-full tb_hcxs107 first\">\n                    <!-- module image -->\n<div  class=\"module module-image tb_7ije685 image-top   tf_mw\" data-lazy=\"1\">\n        <div class=\"image-wrap tf_rel tf_mw\">\n            <a href=\"https:\/\/dictionnaire-cep.upf.pf\/wp-content\/uploads\/2025\/01\/Le-Rainbow-Warrior-2-de-lorganisation-Greenpeace-a\u0300-Papeete-avant-son-de\u0301part-pour-Moruroa-le-21-mars-1992.jpg\" class=\"lightbox-builder themify_lightbox\">\n                   <img loading=\"lazy\" decoding=\"async\" width=\"2500\" height=\"1680\" src=\"https:\/\/dictionnaire-cep.upf.pf\/wp-content\/uploads\/2025\/01\/Le-Rainbow-Warrior-2-de-lorganisation-Greenpeace-a\u0300-Papeete-avant-son-de\u0301part-pour-Moruroa-le-21-mars-1992.jpg\" class=\"wp-post-image wp-image-2566\" title=\"Le Rainbow Warrior 2 de l\u2019organisation Greenpeace, a\u0300 Pape\u2019ete avant son de\u0301part pour Moruroa le 21 mars 1992\" alt=\"Le Rainbow Warrior 2 de l\u2019organisation Greenpeace, a\u0300 Pape\u2019ete avant son de\u0301part pour Moruroa le 21 mars 1992\" srcset=\"https:\/\/dictionnaire-cep.upf.pf\/wp-content\/uploads\/2025\/01\/Le-Rainbow-Warrior-2-de-lorganisation-Greenpeace-a\u0300-Papeete-avant-son-de\u0301part-pour-Moruroa-le-21-mars-1992.jpg 2500w, https:\/\/dictionnaire-cep.upf.pf\/wp-content\/uploads\/2025\/01\/Le-Rainbow-Warrior-2-de-lorganisation-Greenpeace-a\u0300-Papeete-avant-son-de\u0301part-pour-Moruroa-le-21-mars-1992-300x202.jpg 300w, https:\/\/dictionnaire-cep.upf.pf\/wp-content\/uploads\/2025\/01\/Le-Rainbow-Warrior-2-de-lorganisation-Greenpeace-a\u0300-Papeete-avant-son-de\u0301part-pour-Moruroa-le-21-mars-1992-1024x688.jpg 1024w, https:\/\/dictionnaire-cep.upf.pf\/wp-content\/uploads\/2025\/01\/Le-Rainbow-Warrior-2-de-lorganisation-Greenpeace-a\u0300-Papeete-avant-son-de\u0301part-pour-Moruroa-le-21-mars-1992-768x516.jpg 768w, https:\/\/dictionnaire-cep.upf.pf\/wp-content\/uploads\/2025\/01\/Le-Rainbow-Warrior-2-de-lorganisation-Greenpeace-a\u0300-Papeete-avant-son-de\u0301part-pour-Moruroa-le-21-mars-1992-1536x1032.jpg 1536w, https:\/\/dictionnaire-cep.upf.pf\/wp-content\/uploads\/2025\/01\/Le-Rainbow-Warrior-2-de-lorganisation-Greenpeace-a\u0300-Papeete-avant-son-de\u0301part-pour-Moruroa-le-21-mars-1992-2048x1376.jpg 2048w\" sizes=\"auto, (max-width: 2500px) 100vw, 2500px\" \/>        <\/a>\n    \n        <\/div>\n    <!-- \/image-wrap -->\n    \n        <\/div>\n<!-- \/module image --><!-- module text -->\n<div  class=\"module module-text tb_sszy438   \" data-lazy=\"1\">\n        <div  class=\"tb_text_wrap\">\n        <p class=\"p1\">Le <i>Rainbow Warrior <\/i>2 de l\u2019organisation Greenpeace, \u00e0 Pape\u2019ete avant son d\u00e9part pour Moruroa le 21 mars 1992<\/p>\n<p class=\"p1\">07 92 088 01 02 \u00a9 Fabienne Seynat\/ECPAD\/D\u00e9fense<\/p>\n<p class=\"p2\"><span class=\"s1\">Lien vers le reportage complet (40 clich\u00e9s) : <\/span><a href=\"https:\/\/imagesdefense.gouv.fr\/fr\/operation-nautile-d-arraisonnement-du-navire-rainbow-warrior-2-de-l-ong-greenpeace-en-polynesie-francaise.html\">https:\/\/imagesdefense.gouv.fr\/fr\/operation-nautile-d-arraisonnement-du-navire-rainbow-warrior-2-de-l-ong-greenpeace-en-polynesie-francaise.html<\/a><\/p>\n    <\/div>\n<\/div>\n<!-- \/module text -->        <\/div>\n                        <\/div>\n        <\/div>\n            <\/div>\n\t\t\t\t<\/article>\n\n\t\t\t\t\n\t\t\t\t\n\t\t\t\n\t\t\t\t\n\t\t\t\t\n\t\t\t\t<article id=\"post-2604\" class=\"post tf_clearfix post-2604 ressource type-ressource status-publish hentry categorie-de-ressources-iconographies has-post-title has-post-date has-post-category has-post-tag has-post-comment has-post-author \">\n\t\t\t\t\t    <div class=\"tbp_advanced_archive_wrap\">\n\t                <div  data-lazy=\"1\" class=\"module_row themify_builder_row tb_huae107 tf_w\">\n                        <div class=\"row_inner col_align_top tb_col_count_1 tf_box tf_rel\">\n                        <div  data-lazy=\"1\" class=\"module_column tb-column col-full tb_hcxs107 first\">\n                    <!-- module image -->\n<div  class=\"module module-image tb_7ije685 image-top   tf_mw\" data-lazy=\"1\">\n        <div class=\"image-wrap tf_rel tf_mw\">\n            <a href=\"https:\/\/dictionnaire-cep.upf.pf\/wp-content\/uploads\/2025\/01\/Larrive\u0301e-du-Rainbow-Warrior-2-de-lorganisation-Greenpeace-a\u0300-Papeete-novembre-de\u0301cembre-1990.jpg\" class=\"lightbox-builder themify_lightbox\">\n                   <img loading=\"lazy\" decoding=\"async\" width=\"2500\" height=\"1667\" src=\"https:\/\/dictionnaire-cep.upf.pf\/wp-content\/uploads\/2025\/01\/Larrive\u0301e-du-Rainbow-Warrior-2-de-lorganisation-Greenpeace-a\u0300-Papeete-novembre-de\u0301cembre-1990.jpg\" class=\"wp-post-image wp-image-2562\" title=\"L\u2019arrive\u0301e du Rainbow Warrior 2 de l\u2019organisation Greenpeace a\u0300 Pape\u2019ete, novembre-de\u0301cembre 1990\" alt=\"L\u2019arrive\u0301e du Rainbow Warrior 2 de l\u2019organisation Greenpeace a\u0300 Pape\u2019ete, novembre-de\u0301cembre 1990\" srcset=\"https:\/\/dictionnaire-cep.upf.pf\/wp-content\/uploads\/2025\/01\/Larrive\u0301e-du-Rainbow-Warrior-2-de-lorganisation-Greenpeace-a\u0300-Papeete-novembre-de\u0301cembre-1990.jpg 2500w, https:\/\/dictionnaire-cep.upf.pf\/wp-content\/uploads\/2025\/01\/Larrive\u0301e-du-Rainbow-Warrior-2-de-lorganisation-Greenpeace-a\u0300-Papeete-novembre-de\u0301cembre-1990-300x200.jpg 300w, https:\/\/dictionnaire-cep.upf.pf\/wp-content\/uploads\/2025\/01\/Larrive\u0301e-du-Rainbow-Warrior-2-de-lorganisation-Greenpeace-a\u0300-Papeete-novembre-de\u0301cembre-1990-1024x683.jpg 1024w, https:\/\/dictionnaire-cep.upf.pf\/wp-content\/uploads\/2025\/01\/Larrive\u0301e-du-Rainbow-Warrior-2-de-lorganisation-Greenpeace-a\u0300-Papeete-novembre-de\u0301cembre-1990-768x512.jpg 768w, https:\/\/dictionnaire-cep.upf.pf\/wp-content\/uploads\/2025\/01\/Larrive\u0301e-du-Rainbow-Warrior-2-de-lorganisation-Greenpeace-a\u0300-Papeete-novembre-de\u0301cembre-1990-1536x1024.jpg 1536w, https:\/\/dictionnaire-cep.upf.pf\/wp-content\/uploads\/2025\/01\/Larrive\u0301e-du-Rainbow-Warrior-2-de-lorganisation-Greenpeace-a\u0300-Papeete-novembre-de\u0301cembre-1990-2048x1366.jpg 2048w\" sizes=\"auto, (max-width: 2500px) 100vw, 2500px\" \/>        <\/a>\n    \n        <\/div>\n    <!-- \/image-wrap -->\n    \n        <\/div>\n<!-- \/module image --><!-- module text -->\n<div  class=\"module module-text tb_sszy438   \" data-lazy=\"1\">\n        <div  class=\"tb_text_wrap\">\n        <p class=\"p1\">L\u2019arriv\u00e9e du <i>Rainbow Warrior <\/i>2 de l\u2019organisation Greenpeace \u00e0 Pape\u2019ete, novembre-d\u00e9cembre 1990<\/p>\n<p class=\"p1\">DIA 90 296 87 \u00a9 Michel Metereau\/ECPAD\/D\u00e9fense<\/p>\n<p class=\"p2\"><span class=\"s1\">Lien vers le reportage complet (202 clich\u00e9s) : <\/span><a href=\"https:\/\/imagesdefense.gouv.fr\/fr\/operation-nautile-greenpeace-en-polynesie.html\">https:\/\/imagesdefense.gouv.fr\/fr\/operation-nautile-greenpeace-en-polynesie.html<\/a><\/p>\n    <\/div>\n<\/div>\n<!-- \/module text -->        <\/div>\n                        <\/div>\n        <\/div>\n            <\/div>\n\t\t\t\t<\/article>\n\n\t\t\t\t\n\t\t\t\t\n\t\t\t\n\t\t\t\t\n\t\t\t\t\n\t\t\t\t<article id=\"post-2603\" class=\"post tf_clearfix post-2603 ressource type-ressource status-publish hentry categorie-de-ressources-iconographies has-post-title has-post-date has-post-category has-post-tag has-post-comment has-post-author \">\n\t\t\t\t\t    <div class=\"tbp_advanced_archive_wrap\">\n\t                <div  data-lazy=\"1\" class=\"module_row themify_builder_row tb_huae107 tf_w\">\n                        <div class=\"row_inner col_align_top tb_col_count_1 tf_box tf_rel\">\n                        <div  data-lazy=\"1\" class=\"module_column tb-column col-full tb_hcxs107 first\">\n                    <!-- module image -->\n<div  class=\"module module-image tb_7ije685 image-top   tf_mw\" data-lazy=\"1\">\n        <div class=\"image-wrap tf_rel tf_mw\">\n            <a href=\"https:\/\/dictionnaire-cep.upf.pf\/wp-content\/uploads\/2025\/01\/Ouvriers-travaillant-au-ramassage-du-coprah-sur-latoll-de-Tematangi-juillet-1985.jpg\" class=\"lightbox-builder themify_lightbox\">\n                   <img loading=\"lazy\" decoding=\"async\" width=\"2500\" height=\"1704\" src=\"https:\/\/dictionnaire-cep.upf.pf\/wp-content\/uploads\/2025\/01\/Ouvriers-travaillant-au-ramassage-du-coprah-sur-latoll-de-Tematangi-juillet-1985.jpg\" class=\"wp-post-image wp-image-2558\" title=\"Ouvriers travaillant au ramassage du coprah sur l\u2019atoll de Tematangi, juillet 1985\" alt=\"Ouvriers travaillant au ramassage du coprah sur l\u2019atoll de Tematangi, juillet 1985\" srcset=\"https:\/\/dictionnaire-cep.upf.pf\/wp-content\/uploads\/2025\/01\/Ouvriers-travaillant-au-ramassage-du-coprah-sur-latoll-de-Tematangi-juillet-1985.jpg 2500w, https:\/\/dictionnaire-cep.upf.pf\/wp-content\/uploads\/2025\/01\/Ouvriers-travaillant-au-ramassage-du-coprah-sur-latoll-de-Tematangi-juillet-1985-300x204.jpg 300w, https:\/\/dictionnaire-cep.upf.pf\/wp-content\/uploads\/2025\/01\/Ouvriers-travaillant-au-ramassage-du-coprah-sur-latoll-de-Tematangi-juillet-1985-1024x698.jpg 1024w, https:\/\/dictionnaire-cep.upf.pf\/wp-content\/uploads\/2025\/01\/Ouvriers-travaillant-au-ramassage-du-coprah-sur-latoll-de-Tematangi-juillet-1985-768x523.jpg 768w, https:\/\/dictionnaire-cep.upf.pf\/wp-content\/uploads\/2025\/01\/Ouvriers-travaillant-au-ramassage-du-coprah-sur-latoll-de-Tematangi-juillet-1985-1536x1047.jpg 1536w, https:\/\/dictionnaire-cep.upf.pf\/wp-content\/uploads\/2025\/01\/Ouvriers-travaillant-au-ramassage-du-coprah-sur-latoll-de-Tematangi-juillet-1985-2048x1396.jpg 2048w\" sizes=\"auto, (max-width: 2500px) 100vw, 2500px\" \/>        <\/a>\n    \n        <\/div>\n    <!-- \/image-wrap -->\n    \n        <\/div>\n<!-- \/module image --><!-- module text -->\n<div  class=\"module module-text tb_sszy438   \" data-lazy=\"1\">\n        <div  class=\"tb_text_wrap\">\n        <p class=\"p1\">Ouvriers travaillant au ramassage du coprah sur l\u2019atoll de Tematangi, juillet 1985<\/p>\n<p class=\"p1\">1 985 369 27 16 \u00a9 Jo\u00ebl Brun\/ECPAD\/D\u00e9fense<\/p>\n<p class=\"p2\"><span class=\"s1\">Lien vers le reportage (1120 clich\u00e9s) : <\/span><a href=\"https:\/\/imagesdefense.gouv.fr\/fr\/activites-du-5e-rei-regiment-etranger-d-infanterie-sur-l-atoll-de-mururoa-en-polynesie-francaise.html\">https:\/\/imagesdefense.gouv.fr\/fr\/activites-du-5e-rei-regiment-etranger-d-infanterie-sur-l-atoll-de-mururoa-en-polynesie-francaise.html<\/a><\/p>\n    <\/div>\n<\/div>\n<!-- \/module text -->        <\/div>\n                        <\/div>\n        <\/div>\n            <\/div>\n\t\t\t\t<\/article>\n\n\t\t\t\t\n\t\t\t\t\n\t\t\t\n\t\t\t\t\n\t\t\t\t\n\t\t\t\t<article id=\"post-2602\" class=\"post tf_clearfix post-2602 ressource type-ressource status-publish hentry categorie-de-ressources-iconographies has-post-title has-post-date has-post-category has-post-tag has-post-comment has-post-author \">\n\t\t\t\t\t    <div class=\"tbp_advanced_archive_wrap\">\n\t                <div  data-lazy=\"1\" class=\"module_row themify_builder_row tb_huae107 tf_w\">\n                        <div class=\"row_inner col_align_top tb_col_count_1 tf_box tf_rel\">\n                        <div  data-lazy=\"1\" class=\"module_column tb-column col-full tb_hcxs107 first\">\n                    <!-- module image -->\n<div  class=\"module module-image tb_7ije685 image-top   tf_mw\" data-lazy=\"1\">\n        <div class=\"image-wrap tf_rel tf_mw\">\n            <a href=\"https:\/\/dictionnaire-cep.upf.pf\/wp-content\/uploads\/2025\/01\/Ouvrier-travaillant-au-ramassage-du-coprah-et-deux-enfants-lors-dune-visite-me\u0301dicale-dun-sergent-chef-du-5e-re\u0301giment-e\u0301tranger-atoll-de-Tematangi-juillet-1985.jpg\" class=\"lightbox-builder themify_lightbox\">\n                   <img loading=\"lazy\" decoding=\"async\" width=\"2500\" height=\"1704\" src=\"https:\/\/dictionnaire-cep.upf.pf\/wp-content\/uploads\/2025\/01\/Ouvrier-travaillant-au-ramassage-du-coprah-et-deux-enfants-lors-dune-visite-me\u0301dicale-dun-sergent-chef-du-5e-re\u0301giment-e\u0301tranger-atoll-de-Tematangi-juillet-1985.jpg\" class=\"wp-post-image wp-image-2554\" title=\"Ouvrier travaillant au ramassage du coprah et deux enfants lors d\u2019une visite me\u0301dicale d\u2019un sergent-chef du 5e re\u0301giment e\u0301tranger, atoll de Tematangi, juillet 1985\" alt=\"Ouvrier travaillant au ramassage du coprah et deux enfants lors d\u2019une visite me\u0301dicale d\u2019un sergent-chef du 5e re\u0301giment e\u0301tranger, atoll de Tematangi, juillet 1985\" srcset=\"https:\/\/dictionnaire-cep.upf.pf\/wp-content\/uploads\/2025\/01\/Ouvrier-travaillant-au-ramassage-du-coprah-et-deux-enfants-lors-dune-visite-me\u0301dicale-dun-sergent-chef-du-5e-re\u0301giment-e\u0301tranger-atoll-de-Tematangi-juillet-1985.jpg 2500w, https:\/\/dictionnaire-cep.upf.pf\/wp-content\/uploads\/2025\/01\/Ouvrier-travaillant-au-ramassage-du-coprah-et-deux-enfants-lors-dune-visite-me\u0301dicale-dun-sergent-chef-du-5e-re\u0301giment-e\u0301tranger-atoll-de-Tematangi-juillet-1985-300x204.jpg 300w, https:\/\/dictionnaire-cep.upf.pf\/wp-content\/uploads\/2025\/01\/Ouvrier-travaillant-au-ramassage-du-coprah-et-deux-enfants-lors-dune-visite-me\u0301dicale-dun-sergent-chef-du-5e-re\u0301giment-e\u0301tranger-atoll-de-Tematangi-juillet-1985-1024x698.jpg 1024w, https:\/\/dictionnaire-cep.upf.pf\/wp-content\/uploads\/2025\/01\/Ouvrier-travaillant-au-ramassage-du-coprah-et-deux-enfants-lors-dune-visite-me\u0301dicale-dun-sergent-chef-du-5e-re\u0301giment-e\u0301tranger-atoll-de-Tematangi-juillet-1985-768x523.jpg 768w, https:\/\/dictionnaire-cep.upf.pf\/wp-content\/uploads\/2025\/01\/Ouvrier-travaillant-au-ramassage-du-coprah-et-deux-enfants-lors-dune-visite-me\u0301dicale-dun-sergent-chef-du-5e-re\u0301giment-e\u0301tranger-atoll-de-Tematangi-juillet-1985-1536x1047.jpg 1536w, https:\/\/dictionnaire-cep.upf.pf\/wp-content\/uploads\/2025\/01\/Ouvrier-travaillant-au-ramassage-du-coprah-et-deux-enfants-lors-dune-visite-me\u0301dicale-dun-sergent-chef-du-5e-re\u0301giment-e\u0301tranger-atoll-de-Tematangi-juillet-1985-2048x1396.jpg 2048w\" sizes=\"auto, (max-width: 2500px) 100vw, 2500px\" \/>        <\/a>\n    \n        <\/div>\n    <!-- \/image-wrap -->\n    \n        <\/div>\n<!-- \/module image --><!-- module text -->\n<div  class=\"module module-text tb_sszy438   \" data-lazy=\"1\">\n        <div  class=\"tb_text_wrap\">\n        <p class=\"p1\">Ouvrier travaillant au ramassage du coprah et deux enfants lors d\u2019une visite m\u00e9dicale d\u2019un sergent-chef du 5<span class=\"s1\">e <\/span>r\u00e9giment \u00e9tranger, atoll de Tematangi, juillet 1985<\/p>\n<p class=\"p1\">1 985 369 24 27 \u00a9 Jo\u00ebl Brun\/ECPAD\/D\u00e9fense<\/p>\n<p class=\"p2\"><span class=\"s2\">Lien vers le reportage complet (1120 clich\u00e9s) : <\/span><a href=\"https:\/\/imagesdefense.gouv.fr\/fr\/activites-du-5e-rei-regiment-etranger-d-infanterie-sur-l-atoll-de-mururoa-en-polynesie-francaise.html\">https:\/\/imagesdefense.gouv.fr\/fr\/activites-du-5e-rei-regiment-etranger-d-infanterie-sur-l-atoll-de-mururoa-en-polynesie-francaise.html<\/a><\/p>\n    <\/div>\n<\/div>\n<!-- \/module text -->        <\/div>\n                        <\/div>\n        <\/div>\n            <\/div>\n\t\t\t\t<\/article>\n\n\t\t\t\t\n\t\t\t\t\n\t\t\t\n\t\t\t\t\n\t\t\t\t\n\t\t\t\t<article id=\"post-2601\" class=\"post tf_clearfix post-2601 ressource type-ressource status-publish hentry categorie-de-ressources-iconographies has-post-title has-post-date has-post-category has-post-tag has-post-comment has-post-author \">\n\t\t\t\t\t    <div class=\"tbp_advanced_archive_wrap\">\n\t                <div  data-lazy=\"1\" class=\"module_row themify_builder_row tb_huae107 tf_w\">\n                        <div class=\"row_inner col_align_top tb_col_count_1 tf_box tf_rel\">\n                        <div  data-lazy=\"1\" class=\"module_column tb-column col-full tb_hcxs107 first\">\n                    <!-- module image -->\n<div  class=\"module module-image tb_7ije685 image-top   tf_mw\" data-lazy=\"1\">\n        <div class=\"image-wrap tf_rel tf_mw\">\n            <a href=\"https:\/\/dictionnaire-cep.upf.pf\/wp-content\/uploads\/2025\/01\/Femmes-polyne\u0301siennes-lors-des-fe\u0302tes-du-Tiurai-juillet-1985.jpg\" class=\"lightbox-builder themify_lightbox\">\n                   <img loading=\"lazy\" decoding=\"async\" width=\"2500\" height=\"1704\" src=\"https:\/\/dictionnaire-cep.upf.pf\/wp-content\/uploads\/2025\/01\/Femmes-polyne\u0301siennes-lors-des-fe\u0302tes-du-Tiurai-juillet-1985.jpg\" class=\"wp-post-image wp-image-2550\" title=\"Femmes polyne\u0301siennes lors des fe\u0302tes du Tiurai, juillet 1985\" alt=\"Femmes polyne\u0301siennes lors des fe\u0302tes du Tiurai, juillet 1985\" srcset=\"https:\/\/dictionnaire-cep.upf.pf\/wp-content\/uploads\/2025\/01\/Femmes-polyne\u0301siennes-lors-des-fe\u0302tes-du-Tiurai-juillet-1985.jpg 2500w, https:\/\/dictionnaire-cep.upf.pf\/wp-content\/uploads\/2025\/01\/Femmes-polyne\u0301siennes-lors-des-fe\u0302tes-du-Tiurai-juillet-1985-300x204.jpg 300w, https:\/\/dictionnaire-cep.upf.pf\/wp-content\/uploads\/2025\/01\/Femmes-polyne\u0301siennes-lors-des-fe\u0302tes-du-Tiurai-juillet-1985-1024x698.jpg 1024w, https:\/\/dictionnaire-cep.upf.pf\/wp-content\/uploads\/2025\/01\/Femmes-polyne\u0301siennes-lors-des-fe\u0302tes-du-Tiurai-juillet-1985-768x523.jpg 768w, https:\/\/dictionnaire-cep.upf.pf\/wp-content\/uploads\/2025\/01\/Femmes-polyne\u0301siennes-lors-des-fe\u0302tes-du-Tiurai-juillet-1985-1536x1047.jpg 1536w, https:\/\/dictionnaire-cep.upf.pf\/wp-content\/uploads\/2025\/01\/Femmes-polyne\u0301siennes-lors-des-fe\u0302tes-du-Tiurai-juillet-1985-2048x1396.jpg 2048w\" sizes=\"auto, (max-width: 2500px) 100vw, 2500px\" \/>        <\/a>\n    \n        <\/div>\n    <!-- \/image-wrap -->\n    \n        <\/div>\n<!-- \/module image --><!-- module text -->\n<div  class=\"module module-text tb_sszy438   \" data-lazy=\"1\">\n        <div  class=\"tb_text_wrap\">\n        <p class=\"p1\">Femmes polyn\u00e9siennes lors des f\u00eates du Tiurai, juillet 1985<\/p>\n<p class=\"p1\">1 985 369 20 04 \u00a9 Jo\u00ebl Brun\/ECPAD\/D\u00e9fense<\/p>\n<p class=\"p2\"><span class=\"s1\">Lien vers le reportage complet (1120 clich\u00e9s) : <\/span><a href=\"https:\/\/imagesdefense.gouv.fr\/fr\/activites-du-5e-rei-regiment-etranger-d-infanterie-sur-l-atoll-de-mururoa-en-polynesie-francaise.html\">https:\/\/imagesdefense.gouv.fr\/fr\/activites-du-5e-rei-regiment-etranger-d-infanterie-sur-l-atoll-de-mururoa-en-polynesie-francaise.html<\/a><\/p>\n    <\/div>\n<\/div>\n<!-- \/module text -->        <\/div>\n                        <\/div>\n        <\/div>\n            <\/div>\n\t\t\t\t<\/article>\n\n\t\t\t\t\n\t\t\t\t\n\t\t\t\n\t\t\t\t\n\t\t\t\t\n\t\t\t\t<article id=\"post-2600\" class=\"post tf_clearfix post-2600 ressource type-ressource status-publish hentry categorie-de-ressources-iconographies has-post-title has-post-date has-post-category has-post-tag has-post-comment has-post-author \">\n\t\t\t\t\t    <div class=\"tbp_advanced_archive_wrap\">\n\t                <div  data-lazy=\"1\" class=\"module_row themify_builder_row tb_huae107 tf_w\">\n                        <div class=\"row_inner col_align_top tb_col_count_1 tf_box tf_rel\">\n                        <div  data-lazy=\"1\" class=\"module_column tb-column col-full tb_hcxs107 first\">\n                    <!-- module image -->\n<div  class=\"module module-image tb_7ije685 image-top   tf_mw\" data-lazy=\"1\">\n        <div class=\"image-wrap tf_rel tf_mw\">\n            <a href=\"https:\/\/dictionnaire-cep.upf.pf\/wp-content\/uploads\/2025\/01\/Portrait-dun-ouvrier-polyne\u0301sien-travaillant-dans-lunite\u0301-de-dessalement-de-Moruroa-juillet-1985.jpg\" class=\"lightbox-builder themify_lightbox\">\n                   <img loading=\"lazy\" decoding=\"async\" width=\"2500\" height=\"1704\" src=\"https:\/\/dictionnaire-cep.upf.pf\/wp-content\/uploads\/2025\/01\/Portrait-dun-ouvrier-polyne\u0301sien-travaillant-dans-lunite\u0301-de-dessalement-de-Moruroa-juillet-1985.jpg\" class=\"wp-post-image wp-image-2546\" title=\"Portrait d\u2019un ouvrier polyne\u0301sien travaillant dans l\u2019unite\u0301 de dessalement de Moruroa, juillet 1985\" alt=\"Portrait d\u2019un ouvrier polyne\u0301sien travaillant dans l\u2019unite\u0301 de dessalement de Moruroa, juillet 1985\" srcset=\"https:\/\/dictionnaire-cep.upf.pf\/wp-content\/uploads\/2025\/01\/Portrait-dun-ouvrier-polyne\u0301sien-travaillant-dans-lunite\u0301-de-dessalement-de-Moruroa-juillet-1985.jpg 2500w, https:\/\/dictionnaire-cep.upf.pf\/wp-content\/uploads\/2025\/01\/Portrait-dun-ouvrier-polyne\u0301sien-travaillant-dans-lunite\u0301-de-dessalement-de-Moruroa-juillet-1985-300x204.jpg 300w, https:\/\/dictionnaire-cep.upf.pf\/wp-content\/uploads\/2025\/01\/Portrait-dun-ouvrier-polyne\u0301sien-travaillant-dans-lunite\u0301-de-dessalement-de-Moruroa-juillet-1985-1024x698.jpg 1024w, https:\/\/dictionnaire-cep.upf.pf\/wp-content\/uploads\/2025\/01\/Portrait-dun-ouvrier-polyne\u0301sien-travaillant-dans-lunite\u0301-de-dessalement-de-Moruroa-juillet-1985-768x523.jpg 768w, https:\/\/dictionnaire-cep.upf.pf\/wp-content\/uploads\/2025\/01\/Portrait-dun-ouvrier-polyne\u0301sien-travaillant-dans-lunite\u0301-de-dessalement-de-Moruroa-juillet-1985-1536x1047.jpg 1536w, https:\/\/dictionnaire-cep.upf.pf\/wp-content\/uploads\/2025\/01\/Portrait-dun-ouvrier-polyne\u0301sien-travaillant-dans-lunite\u0301-de-dessalement-de-Moruroa-juillet-1985-2048x1396.jpg 2048w\" sizes=\"auto, (max-width: 2500px) 100vw, 2500px\" \/>        <\/a>\n    \n        <\/div>\n    <!-- \/image-wrap -->\n    \n        <\/div>\n<!-- \/module image --><!-- module text -->\n<div  class=\"module module-text tb_sszy438   \" data-lazy=\"1\">\n        <div  class=\"tb_text_wrap\">\n        <p class=\"p1\">Portrait d\u2019un ouvrier polyn\u00e9sien travaillant dans l\u2019unit\u00e9 de dessalement de Moruroa, juillet 1985<\/p>\n<p class=\"p1\">1 985 369 11 19 \u00a9 Jo\u00ebl Brun\/ECPAD\/D\u00e9fense<\/p>\n<p class=\"p2\"><span class=\"s1\">Lien vers le reportage complet (1120 clich\u00e9s) : <\/span><a href=\"https:\/\/imagesdefense.gouv.fr\/fr\/activites-du-5e-rei-regiment-etranger-d-infanterie-sur-l-atoll-de-mururoa-en-polynesie-francaise.html\">https:\/\/imagesdefense.gouv.fr\/fr\/activites-du-5e-rei-regiment-etranger-d-infanterie-sur-l-atoll-de-mururoa-en-polynesie-francaise.html<\/a><\/p>\n    <\/div>\n<\/div>\n<!-- \/module text -->        <\/div>\n                        <\/div>\n        <\/div>\n            <\/div>\n\t\t\t\t<\/article>\n\n\t\t\t\t\n\t\t\t\t\n\t\t\t\n\t\t\t\t\n\t\t\t\t\n\t\t\t\t<article id=\"post-2599\" class=\"post tf_clearfix post-2599 ressource type-ressource status-publish hentry categorie-de-ressources-iconographies has-post-title has-post-date has-post-category has-post-tag has-post-comment has-post-author \">\n\t\t\t\t\t    <div class=\"tbp_advanced_archive_wrap\">\n\t                <div  data-lazy=\"1\" class=\"module_row themify_builder_row tb_huae107 tf_w\">\n                        <div class=\"row_inner col_align_top tb_col_count_1 tf_box tf_rel\">\n                        <div  data-lazy=\"1\" class=\"module_column tb-column col-full tb_hcxs107 first\">\n                    <!-- module image -->\n<div  class=\"module module-image tb_7ije685 image-top   tf_mw\" data-lazy=\"1\">\n        <div class=\"image-wrap tf_rel tf_mw\">\n            <a href=\"https:\/\/dictionnaire-cep.upf.pf\/wp-content\/uploads\/2025\/01\/Portrait-dun-le\u0301gionnaire-travaillant-sur-le-site-de-Moruroa-juillet-1985.jpg\" class=\"lightbox-builder themify_lightbox\">\n                   <img loading=\"lazy\" decoding=\"async\" width=\"1704\" height=\"2500\" src=\"https:\/\/dictionnaire-cep.upf.pf\/wp-content\/uploads\/2025\/01\/Portrait-dun-le\u0301gionnaire-travaillant-sur-le-site-de-Moruroa-juillet-1985.jpg\" class=\"wp-post-image wp-image-2540\" title=\"Portrait d\u2019un le\u0301gionnaire travaillant sur le site de Moruroa, juillet 1985\" alt=\"Portrait d\u2019un le\u0301gionnaire travaillant sur le site de Moruroa, juillet 1985\" srcset=\"https:\/\/dictionnaire-cep.upf.pf\/wp-content\/uploads\/2025\/01\/Portrait-dun-le\u0301gionnaire-travaillant-sur-le-site-de-Moruroa-juillet-1985.jpg 1704w, https:\/\/dictionnaire-cep.upf.pf\/wp-content\/uploads\/2025\/01\/Portrait-dun-le\u0301gionnaire-travaillant-sur-le-site-de-Moruroa-juillet-1985-204x300.jpg 204w, https:\/\/dictionnaire-cep.upf.pf\/wp-content\/uploads\/2025\/01\/Portrait-dun-le\u0301gionnaire-travaillant-sur-le-site-de-Moruroa-juillet-1985-698x1024.jpg 698w, https:\/\/dictionnaire-cep.upf.pf\/wp-content\/uploads\/2025\/01\/Portrait-dun-le\u0301gionnaire-travaillant-sur-le-site-de-Moruroa-juillet-1985-768x1127.jpg 768w, https:\/\/dictionnaire-cep.upf.pf\/wp-content\/uploads\/2025\/01\/Portrait-dun-le\u0301gionnaire-travaillant-sur-le-site-de-Moruroa-juillet-1985-1047x1536.jpg 1047w, https:\/\/dictionnaire-cep.upf.pf\/wp-content\/uploads\/2025\/01\/Portrait-dun-le\u0301gionnaire-travaillant-sur-le-site-de-Moruroa-juillet-1985-1396x2048.jpg 1396w\" sizes=\"auto, (max-width: 1704px) 100vw, 1704px\" \/>        <\/a>\n    \n        <\/div>\n    <!-- \/image-wrap -->\n    \n        <\/div>\n<!-- \/module image --><!-- module text -->\n<div  class=\"module module-text tb_sszy438   \" data-lazy=\"1\">\n        <div  class=\"tb_text_wrap\">\n        <p class=\"p1\">Portrait d\u2019un l\u00e9gionnaire travaillant sur le site de Moruroa, juillet 1985<\/p>\n<p class=\"p1\">0 985 368 28 06 \u00a9 Jo\u00ebl Brun\/ECPAD\/D\u00e9fense<\/p>\n<p class=\"p2\"><span class=\"s1\">Lien vers le reportage complet (1058 clich\u00e9s) : <\/span><a href=\"https:\/\/imagesdefense.gouv.fr\/fr\/activites-du-5e-rei-regiment-etranger-d-infanterie-sur-l-atoll-de-mururoa.html\">https:\/\/imagesdefense.gouv.fr\/fr\/activites-du-5e-rei-regiment-etranger-d-infanterie-sur-l-atoll-de-mururoa.html<\/a><\/p>\n    <\/div>\n<\/div>\n<!-- \/module text -->        <\/div>\n                        <\/div>\n        <\/div>\n            <\/div>\n\t\t\t\t<\/article>\n\n\t\t\t\t\n\t\t\t\t\n\t\t\t\n\t\t\t\t\n\t\t\t\t\n\t\t\t\t<article id=\"post-2598\" class=\"post tf_clearfix post-2598 ressource type-ressource status-publish hentry categorie-de-ressources-iconographies has-post-title has-post-date has-post-category has-post-tag has-post-comment has-post-author \">\n\t\t\t\t\t    <div class=\"tbp_advanced_archive_wrap\">\n\t                <div  data-lazy=\"1\" class=\"module_row themify_builder_row tb_huae107 tf_w\">\n                        <div class=\"row_inner col_align_top tb_col_count_1 tf_box tf_rel\">\n                        <div  data-lazy=\"1\" class=\"module_column tb-column col-full tb_hcxs107 first\">\n                    <!-- module image -->\n<div  class=\"module module-image tb_7ije685 image-top   tf_mw\" data-lazy=\"1\">\n        <div class=\"image-wrap tf_rel tf_mw\">\n            <a href=\"https:\/\/dictionnaire-cep.upf.pf\/wp-content\/uploads\/2025\/01\/Un-le\u0301gionnaire-du-5e-re\u0301giment-e\u0301tranger-quitte-Moruroa-juillet-1985.jpg\" class=\"lightbox-builder themify_lightbox\">\n                   <img loading=\"lazy\" decoding=\"async\" width=\"2500\" height=\"1704\" src=\"https:\/\/dictionnaire-cep.upf.pf\/wp-content\/uploads\/2025\/01\/Un-le\u0301gionnaire-du-5e-re\u0301giment-e\u0301tranger-quitte-Moruroa-juillet-1985.jpg\" class=\"wp-post-image wp-image-2536\" title=\"Un le\u0301gionnaire du 5e re\u0301giment e\u0301tranger quitte Moruroa, juillet 1985\" alt=\"Un le\u0301gionnaire du 5e re\u0301giment e\u0301tranger quitte Moruroa, juillet 1985\" srcset=\"https:\/\/dictionnaire-cep.upf.pf\/wp-content\/uploads\/2025\/01\/Un-le\u0301gionnaire-du-5e-re\u0301giment-e\u0301tranger-quitte-Moruroa-juillet-1985.jpg 2500w, https:\/\/dictionnaire-cep.upf.pf\/wp-content\/uploads\/2025\/01\/Un-le\u0301gionnaire-du-5e-re\u0301giment-e\u0301tranger-quitte-Moruroa-juillet-1985-300x204.jpg 300w, https:\/\/dictionnaire-cep.upf.pf\/wp-content\/uploads\/2025\/01\/Un-le\u0301gionnaire-du-5e-re\u0301giment-e\u0301tranger-quitte-Moruroa-juillet-1985-1024x698.jpg 1024w, https:\/\/dictionnaire-cep.upf.pf\/wp-content\/uploads\/2025\/01\/Un-le\u0301gionnaire-du-5e-re\u0301giment-e\u0301tranger-quitte-Moruroa-juillet-1985-768x523.jpg 768w, https:\/\/dictionnaire-cep.upf.pf\/wp-content\/uploads\/2025\/01\/Un-le\u0301gionnaire-du-5e-re\u0301giment-e\u0301tranger-quitte-Moruroa-juillet-1985-1536x1047.jpg 1536w, https:\/\/dictionnaire-cep.upf.pf\/wp-content\/uploads\/2025\/01\/Un-le\u0301gionnaire-du-5e-re\u0301giment-e\u0301tranger-quitte-Moruroa-juillet-1985-2048x1396.jpg 2048w\" sizes=\"auto, (max-width: 2500px) 100vw, 2500px\" \/>        <\/a>\n    \n        <\/div>\n    <!-- \/image-wrap -->\n    \n        <\/div>\n<!-- \/module image --><!-- module text -->\n<div  class=\"module module-text tb_sszy438   \" data-lazy=\"1\">\n        <div  class=\"tb_text_wrap\">\n        <p class=\"p1\">Un l\u00e9gionnaire du 5<span class=\"s1\">e <\/span>r\u00e9giment \u00e9tranger quitte Moruroa, juillet 1985<\/p>\n<p class=\"p1\">0 985 368 19 20 \u00a9 Jo\u00ebl Brun\/ECPAD\/D\u00e9fense<\/p>\n<p class=\"p2\"><span class=\"s2\">Lien vers le reportage complet (1058 clich\u00e9s) : <\/span><a href=\"https:\/\/imagesdefense.gouv.fr\/fr\/activites-du-5e-rei-regiment-etranger-d-infanterie-sur-l-atoll-de-mururoa.html\">https:\/\/imagesdefense.gouv.fr\/fr\/activites-du-5e-rei-regiment-etranger-d-infanterie-sur-l-atoll-de-mururoa.html<\/a><\/p>\n    <\/div>\n<\/div>\n<!-- \/module text -->        <\/div>\n                        <\/div>\n        <\/div>\n            <\/div>\n\t\t\t\t<\/article>\n\n\t\t\t\t\n\t\t\t\t\n\t\t\t\n\t\t\t\t\n\t\t\t\t\n\t\t\t\t<article id=\"post-2597\" class=\"post tf_clearfix post-2597 ressource type-ressource status-publish hentry categorie-de-ressources-iconographies has-post-title has-post-date has-post-category has-post-tag has-post-comment has-post-author \">\n\t\t\t\t\t    <div class=\"tbp_advanced_archive_wrap\">\n\t                <div  data-lazy=\"1\" class=\"module_row themify_builder_row tb_huae107 tf_w\">\n                        <div class=\"row_inner col_align_top tb_col_count_1 tf_box tf_rel\">\n                        <div  data-lazy=\"1\" class=\"module_column tb-column col-full tb_hcxs107 first\">\n                    <!-- module image -->\n<div  class=\"module module-image tb_7ije685 image-top   tf_mw\" data-lazy=\"1\">\n        <div class=\"image-wrap tf_rel tf_mw\">\n            <a href=\"https:\/\/dictionnaire-cep.upf.pf\/wp-content\/uploads\/2025\/01\/Un-caporal-chef-du-5e-re\u0301giment-e\u0301tranger-discutent-avec-un-quartier-mai\u0302tre-de-la-Marine-nationale-Moruroa-juillet-1985.jpg\" class=\"lightbox-builder themify_lightbox\">\n                   <img loading=\"lazy\" decoding=\"async\" width=\"2500\" height=\"1704\" src=\"https:\/\/dictionnaire-cep.upf.pf\/wp-content\/uploads\/2025\/01\/Un-caporal-chef-du-5e-re\u0301giment-e\u0301tranger-discutent-avec-un-quartier-mai\u0302tre-de-la-Marine-nationale-Moruroa-juillet-1985.jpg\" class=\"wp-post-image wp-image-2532\" title=\"Un caporal-chef du 5e re\u0301giment e\u0301tranger discutent avec un quartier-mai\u0302tre de la Marine nationale, Moruroa, juillet 1985\" alt=\"Un caporal-chef du 5e re\u0301giment e\u0301tranger discutent avec un quartier-mai\u0302tre de la Marine nationale, Moruroa, juillet 1985\" srcset=\"https:\/\/dictionnaire-cep.upf.pf\/wp-content\/uploads\/2025\/01\/Un-caporal-chef-du-5e-re\u0301giment-e\u0301tranger-discutent-avec-un-quartier-mai\u0302tre-de-la-Marine-nationale-Moruroa-juillet-1985.jpg 2500w, https:\/\/dictionnaire-cep.upf.pf\/wp-content\/uploads\/2025\/01\/Un-caporal-chef-du-5e-re\u0301giment-e\u0301tranger-discutent-avec-un-quartier-mai\u0302tre-de-la-Marine-nationale-Moruroa-juillet-1985-300x204.jpg 300w, https:\/\/dictionnaire-cep.upf.pf\/wp-content\/uploads\/2025\/01\/Un-caporal-chef-du-5e-re\u0301giment-e\u0301tranger-discutent-avec-un-quartier-mai\u0302tre-de-la-Marine-nationale-Moruroa-juillet-1985-1024x698.jpg 1024w, https:\/\/dictionnaire-cep.upf.pf\/wp-content\/uploads\/2025\/01\/Un-caporal-chef-du-5e-re\u0301giment-e\u0301tranger-discutent-avec-un-quartier-mai\u0302tre-de-la-Marine-nationale-Moruroa-juillet-1985-768x523.jpg 768w, https:\/\/dictionnaire-cep.upf.pf\/wp-content\/uploads\/2025\/01\/Un-caporal-chef-du-5e-re\u0301giment-e\u0301tranger-discutent-avec-un-quartier-mai\u0302tre-de-la-Marine-nationale-Moruroa-juillet-1985-1536x1047.jpg 1536w, https:\/\/dictionnaire-cep.upf.pf\/wp-content\/uploads\/2025\/01\/Un-caporal-chef-du-5e-re\u0301giment-e\u0301tranger-discutent-avec-un-quartier-mai\u0302tre-de-la-Marine-nationale-Moruroa-juillet-1985-2048x1396.jpg 2048w\" sizes=\"auto, (max-width: 2500px) 100vw, 2500px\" \/>        <\/a>\n    \n        <\/div>\n    <!-- \/image-wrap -->\n    \n        <\/div>\n<!-- \/module image --><!-- module text -->\n<div  class=\"module module-text tb_sszy438   \" data-lazy=\"1\">\n        <div  class=\"tb_text_wrap\">\n        <p class=\"p1\">Un caporal-chef du 5<span class=\"s1\">e <\/span>r\u00e9giment \u00e9tranger discutent avec un quartier-ma\u00eetre de la Marine nationale, Moruroa, juillet 1985<\/p>\n<p class=\"p1\">0 985 368 12 24 \u00a9 Jo\u00ebl Brun\/ECPAD\/D\u00e9fense<\/p>\n<p class=\"p2\"><span class=\"s2\">Lien vers le reportage complet (1058 clich\u00e9s) : <\/span><a href=\"https:\/\/imagesdefense.gouv.fr\/fr\/activites-du-5e-rei-regiment-etranger-d-infanterie-sur-l-atoll-de-mururoa.html\">https:\/\/imagesdefense.gouv.fr\/fr\/activites-du-5e-rei-regiment-etranger-d-infanterie-sur-l-atoll-de-mururoa.html<\/a><\/p>\n    <\/div>\n<\/div>\n<!-- \/module text -->        <\/div>\n                        <\/div>\n        <\/div>\n            <\/div>\n\t\t\t\t<\/article>\n\n\t\t\t\t\n\t\t\t\t\n\t\t\t\n\t\t\t\t\n\t\t\t\t\n\t\t\t\t<article id=\"post-2596\" class=\"post tf_clearfix post-2596 ressource type-ressource status-publish hentry categorie-de-ressources-iconographies has-post-title has-post-date has-post-category has-post-tag has-post-comment has-post-author \">\n\t\t\t\t\t    <div class=\"tbp_advanced_archive_wrap\">\n\t                <div  data-lazy=\"1\" class=\"module_row themify_builder_row tb_huae107 tf_w\">\n                        <div class=\"row_inner col_align_top tb_col_count_1 tf_box tf_rel\">\n                        <div  data-lazy=\"1\" class=\"module_column tb-column col-full tb_hcxs107 first\">\n                    <!-- module image -->\n<div  class=\"module module-image tb_7ije685 image-top   tf_mw\" data-lazy=\"1\">\n        <div class=\"image-wrap tf_rel tf_mw\">\n            <a href=\"https:\/\/dictionnaire-cep.upf.pf\/wp-content\/uploads\/2025\/01\/Une-secre\u0301taire-travaillant-a\u0300-le\u0301tat-major-du-CEP-au-Taaone-Pi\u0304ra\u02bbe-Tahiti-mars-1982.jpg\" class=\"lightbox-builder themify_lightbox\">\n                   <img loading=\"lazy\" decoding=\"async\" width=\"1697\" height=\"2500\" src=\"https:\/\/dictionnaire-cep.upf.pf\/wp-content\/uploads\/2025\/01\/Une-secre\u0301taire-travaillant-a\u0300-le\u0301tat-major-du-CEP-au-Taaone-Pi\u0304ra\u02bbe-Tahiti-mars-1982.jpg\" class=\"wp-post-image wp-image-2528\" title=\"Une secre\u0301taire travaillant a\u0300 l\u2019e\u0301tat-major du CEP au Taaone, Pi\u0304ra\u02bbe (Tahiti), mars 1982\" alt=\"Une secre\u0301taire travaillant a\u0300 l\u2019e\u0301tat-major du CEP au Taaone, Pi\u0304ra\u02bbe (Tahiti), mars 1982\" srcset=\"https:\/\/dictionnaire-cep.upf.pf\/wp-content\/uploads\/2025\/01\/Une-secre\u0301taire-travaillant-a\u0300-le\u0301tat-major-du-CEP-au-Taaone-Pi\u0304ra\u02bbe-Tahiti-mars-1982.jpg 1697w, https:\/\/dictionnaire-cep.upf.pf\/wp-content\/uploads\/2025\/01\/Une-secre\u0301taire-travaillant-a\u0300-le\u0301tat-major-du-CEP-au-Taaone-Pi\u0304ra\u02bbe-Tahiti-mars-1982-204x300.jpg 204w, https:\/\/dictionnaire-cep.upf.pf\/wp-content\/uploads\/2025\/01\/Une-secre\u0301taire-travaillant-a\u0300-le\u0301tat-major-du-CEP-au-Taaone-Pi\u0304ra\u02bbe-Tahiti-mars-1982-695x1024.jpg 695w, https:\/\/dictionnaire-cep.upf.pf\/wp-content\/uploads\/2025\/01\/Une-secre\u0301taire-travaillant-a\u0300-le\u0301tat-major-du-CEP-au-Taaone-Pi\u0304ra\u02bbe-Tahiti-mars-1982-768x1131.jpg 768w, https:\/\/dictionnaire-cep.upf.pf\/wp-content\/uploads\/2025\/01\/Une-secre\u0301taire-travaillant-a\u0300-le\u0301tat-major-du-CEP-au-Taaone-Pi\u0304ra\u02bbe-Tahiti-mars-1982-1043x1536.jpg 1043w, https:\/\/dictionnaire-cep.upf.pf\/wp-content\/uploads\/2025\/01\/Une-secre\u0301taire-travaillant-a\u0300-le\u0301tat-major-du-CEP-au-Taaone-Pi\u0304ra\u02bbe-Tahiti-mars-1982-1390x2048.jpg 1390w\" sizes=\"auto, (max-width: 1697px) 100vw, 1697px\" \/>        <\/a>\n    \n        <\/div>\n    <!-- \/image-wrap -->\n    \n        <\/div>\n<!-- \/module image --><!-- module text -->\n<div  class=\"module module-text tb_sszy438   \" data-lazy=\"1\">\n        <div  class=\"tb_text_wrap\">\n        <p class=\"p1\">Une secr\u00e9taire travaillant \u00e0 l\u2019\u00e9tat-major du CEP au Taaone, P\u012bra<span class=\"s1\">\u02bb<\/span>e (Tahiti), mars 1982<\/p>\n<p class=\"p1\">F 82-95 L331B \u00a9 Beno\u00eet Dufeutrelle\/ECPAD\/D\u00e9fense<\/p>\n    <\/div>\n<\/div>\n<!-- \/module text -->        <\/div>\n                        <\/div>\n        <\/div>\n            <\/div>\n\t\t\t\t<\/article>\n\n\t\t\t\t\n\t\t\t\t\n\t\t\t\n\t\t\t\t\n\t\t\t\t\n\t\t\t\t<article id=\"post-2595\" class=\"post tf_clearfix post-2595 ressource type-ressource status-publish hentry categorie-de-ressources-iconographies has-post-title has-post-date has-post-category has-post-tag has-post-comment has-post-author \">\n\t\t\t\t\t    <div class=\"tbp_advanced_archive_wrap\">\n\t                <div  data-lazy=\"1\" class=\"module_row themify_builder_row tb_huae107 tf_w\">\n                        <div class=\"row_inner col_align_top tb_col_count_1 tf_box tf_rel\">\n                        <div  data-lazy=\"1\" class=\"module_column tb-column col-full tb_hcxs107 first\">\n                    <!-- module image -->\n<div  class=\"module module-image tb_7ije685 image-top   tf_mw\" data-lazy=\"1\">\n        <div class=\"image-wrap tf_rel tf_mw\">\n            <a href=\"https:\/\/dictionnaire-cep.upf.pf\/wp-content\/uploads\/2025\/01\/Yvon-Bourges-ministre-de-la-De\u0301fense-et-John-Teariki.jpg\" class=\"lightbox-builder themify_lightbox\">\n                   <img loading=\"lazy\" decoding=\"async\" width=\"2500\" height=\"1687\" src=\"https:\/\/dictionnaire-cep.upf.pf\/wp-content\/uploads\/2025\/01\/Yvon-Bourges-ministre-de-la-De\u0301fense-et-John-Teariki.jpg\" class=\"wp-post-image wp-image-2524\" title=\"Yvon Bourges, ministre de la De\u0301fense, et John Teariki\" alt=\"Yvon Bourges, ministre de la De\u0301fense, et John Teariki\" srcset=\"https:\/\/dictionnaire-cep.upf.pf\/wp-content\/uploads\/2025\/01\/Yvon-Bourges-ministre-de-la-De\u0301fense-et-John-Teariki.jpg 2500w, https:\/\/dictionnaire-cep.upf.pf\/wp-content\/uploads\/2025\/01\/Yvon-Bourges-ministre-de-la-De\u0301fense-et-John-Teariki-300x202.jpg 300w, https:\/\/dictionnaire-cep.upf.pf\/wp-content\/uploads\/2025\/01\/Yvon-Bourges-ministre-de-la-De\u0301fense-et-John-Teariki-1024x691.jpg 1024w, https:\/\/dictionnaire-cep.upf.pf\/wp-content\/uploads\/2025\/01\/Yvon-Bourges-ministre-de-la-De\u0301fense-et-John-Teariki-768x518.jpg 768w, https:\/\/dictionnaire-cep.upf.pf\/wp-content\/uploads\/2025\/01\/Yvon-Bourges-ministre-de-la-De\u0301fense-et-John-Teariki-1536x1036.jpg 1536w, https:\/\/dictionnaire-cep.upf.pf\/wp-content\/uploads\/2025\/01\/Yvon-Bourges-ministre-de-la-De\u0301fense-et-John-Teariki-2048x1382.jpg 2048w\" sizes=\"auto, (max-width: 2500px) 100vw, 2500px\" \/>        <\/a>\n    \n        <\/div>\n    <!-- \/image-wrap -->\n    \n        <\/div>\n<!-- \/module image --><!-- module text -->\n<div  class=\"module module-text tb_sszy438   \" data-lazy=\"1\">\n        <div  class=\"tb_text_wrap\">\n        <p class=\"p1\">Yvon Bourges (1921-2009), ministre de la D\u00e9fense, et John Teariki (1914-1983), Tahiti, mars 1980<\/p>\n<p class=\"p1\">F 80-131 LC44B \u00a9 Pierre Bideault\/ECPAD\/D\u00e9fense<\/p>\n<p class=\"p2\"><span class=\"s1\">Lien vers le reportage complet (1057 clich\u00e9s) : <\/span><a href=\"https:\/\/imagesdefense.gouv.fr\/fr\/voyage-officiel-d-yvon-bourges-ministre-de-la-defense-en-polynesie-francaise-et-en-nouvelle-caledonie-1.html\">https:\/\/imagesdefense.gouv.fr\/fr\/voyage-officiel-d-yvon-bourges-ministre-de-la-defense-en-polynesie-francaise-et-en-nouvelle-caledonie-1.html<\/a><\/p>\n    <\/div>\n<\/div>\n<!-- \/module text -->        <\/div>\n                        <\/div>\n        <\/div>\n            <\/div>\n\t\t\t\t<\/article>\n\n\t\t\t\t\n\t\t\t\t\n\t\t\t\n\t\t\t\t\n\t\t\t\t\n\t\t\t\t<article id=\"post-2594\" class=\"post tf_clearfix post-2594 ressource type-ressource status-publish hentry categorie-de-ressources-iconographies has-post-title has-post-date has-post-category has-post-tag has-post-comment has-post-author \">\n\t\t\t\t\t    <div class=\"tbp_advanced_archive_wrap\">\n\t                <div  data-lazy=\"1\" class=\"module_row themify_builder_row tb_huae107 tf_w\">\n                        <div class=\"row_inner col_align_top tb_col_count_1 tf_box tf_rel\">\n                        <div  data-lazy=\"1\" class=\"module_column tb-column col-full tb_hcxs107 first\">\n                    <!-- module image -->\n<div  class=\"module module-image tb_7ije685 image-top   tf_mw\" data-lazy=\"1\">\n        <div class=\"image-wrap tf_rel tf_mw\">\n            <a href=\"https:\/\/dictionnaire-cep.upf.pf\/wp-content\/uploads\/2025\/01\/Habitation-a\u0300-Tautira-mai-1976.jpg\" class=\"lightbox-builder themify_lightbox\">\n                   <img loading=\"lazy\" decoding=\"async\" width=\"2362\" height=\"2393\" src=\"https:\/\/dictionnaire-cep.upf.pf\/wp-content\/uploads\/2025\/01\/Habitation-a\u0300-Tautira-mai-1976.jpg\" class=\"wp-post-image wp-image-2520\" title=\"Habitation a\u0300 Tautira, mai 1976\" alt=\"Habitation a\u0300 Tautira, mai 1976\" srcset=\"https:\/\/dictionnaire-cep.upf.pf\/wp-content\/uploads\/2025\/01\/Habitation-a\u0300-Tautira-mai-1976.jpg 2362w, https:\/\/dictionnaire-cep.upf.pf\/wp-content\/uploads\/2025\/01\/Habitation-a\u0300-Tautira-mai-1976-296x300.jpg 296w, https:\/\/dictionnaire-cep.upf.pf\/wp-content\/uploads\/2025\/01\/Habitation-a\u0300-Tautira-mai-1976-1011x1024.jpg 1011w, https:\/\/dictionnaire-cep.upf.pf\/wp-content\/uploads\/2025\/01\/Habitation-a\u0300-Tautira-mai-1976-768x778.jpg 768w, https:\/\/dictionnaire-cep.upf.pf\/wp-content\/uploads\/2025\/01\/Habitation-a\u0300-Tautira-mai-1976-1516x1536.jpg 1516w, https:\/\/dictionnaire-cep.upf.pf\/wp-content\/uploads\/2025\/01\/Habitation-a\u0300-Tautira-mai-1976-2021x2048.jpg 2021w\" sizes=\"auto, (max-width: 2362px) 100vw, 2362px\" \/>        <\/a>\n    \n        <\/div>\n    <!-- \/image-wrap -->\n    \n        <\/div>\n<!-- \/module image --><!-- module text -->\n<div  class=\"module module-text tb_sszy438   \" data-lazy=\"1\">\n        <div  class=\"tb_text_wrap\">\n        <p class=\"p1\">Habitation \u00e0 Tautira (Tahiti), mai 1976<\/p>\n<p class=\"p1\">F 76-255 RC507 \u00a9 Pierre Ferrari\/ECPAD\/D\u00e9fense<\/p>\n<p class=\"p2\"><span class=\"s1\">Lien vers le reportage complet (540 clich\u00e9s) : <\/span><a href=\"https:\/\/imagesdefense.gouv.fr\/fr\/cep-centre-d-experimentation-du-pacifique.html\">https:\/\/imagesdefense.gouv.fr\/fr\/cep-centre-d-experimentation-du-pacifique.html<\/a><\/p>\n    <\/div>\n<\/div>\n<!-- \/module text -->        <\/div>\n                        <\/div>\n        <\/div>\n            <\/div>\n\t\t\t\t<\/article>\n\n\t\t\t\t\n\t\t\t\t\n\t\t\t\n\t\t\t\t\n\t\t\t\t\n\t\t\t\t<article id=\"post-2593\" class=\"post tf_clearfix post-2593 ressource type-ressource status-publish hentry categorie-de-ressources-iconographies has-post-title has-post-date has-post-category has-post-tag has-post-comment has-post-author \">\n\t\t\t\t\t    <div class=\"tbp_advanced_archive_wrap\">\n\t                <div  data-lazy=\"1\" class=\"module_row themify_builder_row tb_huae107 tf_w\">\n                        <div class=\"row_inner col_align_top tb_col_count_1 tf_box tf_rel\">\n                        <div  data-lazy=\"1\" class=\"module_column tb-column col-full tb_hcxs107 first\">\n                    <!-- module image -->\n<div  class=\"module module-image tb_7ije685 image-top   tf_mw\" data-lazy=\"1\">\n        <div class=\"image-wrap tf_rel tf_mw\">\n            <a href=\"https:\/\/dictionnaire-cep.upf.pf\/wp-content\/uploads\/2025\/01\/Le\u0301cole-primaire-sur-latoll-de-Hao-mai-1976.jpg\" class=\"lightbox-builder themify_lightbox\">\n                   <img loading=\"lazy\" decoding=\"async\" width=\"2468\" height=\"2500\" src=\"https:\/\/dictionnaire-cep.upf.pf\/wp-content\/uploads\/2025\/01\/Le\u0301cole-primaire-sur-latoll-de-Hao-mai-1976.jpg\" class=\"wp-post-image wp-image-2516\" title=\"L\u2019e\u0301cole primaire sur l\u2019atoll de Hao, mai 1976\" alt=\"L\u2019e\u0301cole primaire sur l\u2019atoll de Hao, mai 1976\" srcset=\"https:\/\/dictionnaire-cep.upf.pf\/wp-content\/uploads\/2025\/01\/Le\u0301cole-primaire-sur-latoll-de-Hao-mai-1976.jpg 2468w, https:\/\/dictionnaire-cep.upf.pf\/wp-content\/uploads\/2025\/01\/Le\u0301cole-primaire-sur-latoll-de-Hao-mai-1976-296x300.jpg 296w, https:\/\/dictionnaire-cep.upf.pf\/wp-content\/uploads\/2025\/01\/Le\u0301cole-primaire-sur-latoll-de-Hao-mai-1976-1011x1024.jpg 1011w, https:\/\/dictionnaire-cep.upf.pf\/wp-content\/uploads\/2025\/01\/Le\u0301cole-primaire-sur-latoll-de-Hao-mai-1976-768x778.jpg 768w, https:\/\/dictionnaire-cep.upf.pf\/wp-content\/uploads\/2025\/01\/Le\u0301cole-primaire-sur-latoll-de-Hao-mai-1976-1516x1536.jpg 1516w, https:\/\/dictionnaire-cep.upf.pf\/wp-content\/uploads\/2025\/01\/Le\u0301cole-primaire-sur-latoll-de-Hao-mai-1976-2022x2048.jpg 2022w\" sizes=\"auto, (max-width: 2468px) 100vw, 2468px\" \/>        <\/a>\n    \n        <\/div>\n    <!-- \/image-wrap -->\n    \n        <\/div>\n<!-- \/module image --><!-- module text -->\n<div  class=\"module module-text tb_sszy438   \" data-lazy=\"1\">\n        <div  class=\"tb_text_wrap\">\n        <p class=\"p1\">L\u2019\u00e9cole primaire sur l\u2019atoll de Hao, mai 1976<\/p>\n<p class=\"p1\">F 76-255 RC164 \u00a9 Pierre Ferrari\/ECPAD\/D\u00e9fense<\/p>\n<p class=\"p2\"><span class=\"s1\">Lien vers le reportage complet (540 clich\u00e9s) : <\/span><a href=\"https:\/\/imagesdefense.gouv.fr\/fr\/cep-centre-d-experimentation-du-pacifique.html\">https:\/\/imagesdefense.gouv.fr\/fr\/cep-centre-d-experimentation-du-pacifique.html<\/a><\/p>\n    <\/div>\n<\/div>\n<!-- \/module text -->        <\/div>\n                        <\/div>\n        <\/div>\n            <\/div>\n\t\t\t\t<\/article>\n\n\t\t\t\t\n\t\t\t\t\n\t\t\t\n\t\t\t\t\n\t\t\t\t\n\t\t\t\t<article id=\"post-2592\" class=\"post tf_clearfix post-2592 ressource type-ressource status-publish hentry categorie-de-ressources-iconographies has-post-title has-post-date has-post-category has-post-tag has-post-comment has-post-author \">\n\t\t\t\t\t    <div class=\"tbp_advanced_archive_wrap\">\n\t                <div  data-lazy=\"1\" class=\"module_row themify_builder_row tb_huae107 tf_w\">\n                        <div class=\"row_inner col_align_top tb_col_count_1 tf_box tf_rel\">\n                        <div  data-lazy=\"1\" class=\"module_column tb-column col-full tb_hcxs107 first\">\n                    <!-- module image -->\n<div  class=\"module module-image tb_7ije685 image-top   tf_mw\" data-lazy=\"1\">\n        <div class=\"image-wrap tf_rel tf_mw\">\n            <a href=\"https:\/\/dictionnaire-cep.upf.pf\/wp-content\/uploads\/2025\/01\/E\u0301glise-sur-latoll-de-Hao-en-1971.jpg\" class=\"lightbox-builder themify_lightbox\">\n                   <img loading=\"lazy\" decoding=\"async\" width=\"2362\" height=\"2372\" src=\"https:\/\/dictionnaire-cep.upf.pf\/wp-content\/uploads\/2025\/01\/E\u0301glise-sur-latoll-de-Hao-en-1971.jpg\" class=\"wp-post-image wp-image-2512\" title=\"E\u0301glise sur l\u2019atoll de Hao en 1971\" alt=\"E\u0301glise sur l\u2019atoll de Hao en 1971\" srcset=\"https:\/\/dictionnaire-cep.upf.pf\/wp-content\/uploads\/2025\/01\/E\u0301glise-sur-latoll-de-Hao-en-1971.jpg 2362w, https:\/\/dictionnaire-cep.upf.pf\/wp-content\/uploads\/2025\/01\/E\u0301glise-sur-latoll-de-Hao-en-1971-300x300.jpg 300w, https:\/\/dictionnaire-cep.upf.pf\/wp-content\/uploads\/2025\/01\/E\u0301glise-sur-latoll-de-Hao-en-1971-1020x1024.jpg 1020w, https:\/\/dictionnaire-cep.upf.pf\/wp-content\/uploads\/2025\/01\/E\u0301glise-sur-latoll-de-Hao-en-1971-150x150.jpg 150w, https:\/\/dictionnaire-cep.upf.pf\/wp-content\/uploads\/2025\/01\/E\u0301glise-sur-latoll-de-Hao-en-1971-768x771.jpg 768w, https:\/\/dictionnaire-cep.upf.pf\/wp-content\/uploads\/2025\/01\/E\u0301glise-sur-latoll-de-Hao-en-1971-1530x1536.jpg 1530w, https:\/\/dictionnaire-cep.upf.pf\/wp-content\/uploads\/2025\/01\/E\u0301glise-sur-latoll-de-Hao-en-1971-2039x2048.jpg 2039w\" sizes=\"auto, (max-width: 2362px) 100vw, 2362px\" \/>        <\/a>\n    \n        <\/div>\n    <!-- \/image-wrap -->\n    \n        <\/div>\n<!-- \/module image --><!-- module text -->\n<div  class=\"module module-text tb_sszy438   \" data-lazy=\"1\">\n        <div  class=\"tb_text_wrap\">\n        <p class=\"p1\">\u00c9glise sur l\u2019atoll de Hao en 1971<\/p>\n<p class=\"p1\">TAM-DIA 359 RC4 \u00a9 ECPAD\/D\u00e9fense<\/p>\n<p class=\"p2\"><span class=\"s1\">Lien vers le reportage complet (8 clich\u00e9s) : <\/span><a href=\"https:\/\/imagesdefense.gouv.fr\/fr\/le-centre-d-experimentations-du-pacifique.html\">https:\/\/imagesdefense.gouv.fr\/fr\/le-centre-d-experimentations-du-pacifique.html<\/a><\/p>\n    <\/div>\n<\/div>\n<!-- \/module text -->        <\/div>\n                        <\/div>\n        <\/div>\n            <\/div>\n\t\t\t\t<\/article>\n\n\t\t\t\t\n\t\t\t\t\n\t\t\t\n\t\t\t\t\n\t\t\t\t\n\t\t\t\t<article id=\"post-2591\" class=\"post tf_clearfix post-2591 ressource type-ressource status-publish hentry categorie-de-ressources-iconographies has-post-title has-post-date has-post-category has-post-tag has-post-comment has-post-author \">\n\t\t\t\t\t    <div class=\"tbp_advanced_archive_wrap\">\n\t                <div  data-lazy=\"1\" class=\"module_row themify_builder_row tb_huae107 tf_w\">\n                        <div class=\"row_inner col_align_top tb_col_count_1 tf_box tf_rel\">\n                        <div  data-lazy=\"1\" class=\"module_column tb-column col-full tb_hcxs107 first\">\n                    <!-- module image -->\n<div  class=\"module module-image tb_7ije685 image-top   tf_mw\" data-lazy=\"1\">\n        <div class=\"image-wrap tf_rel tf_mw\">\n            <a href=\"https:\/\/dictionnaire-cep.upf.pf\/wp-content\/uploads\/2025\/01\/Avion-SNCASO-SO-4050.jpg\" class=\"lightbox-builder themify_lightbox\">\n                   <img loading=\"lazy\" decoding=\"async\" width=\"2500\" height=\"2500\" src=\"https:\/\/dictionnaire-cep.upf.pf\/wp-content\/uploads\/2025\/01\/Avion-SNCASO-SO-4050.jpg\" class=\"wp-post-image wp-image-2508\" title=\"Avion SNCASO SO-4050\" alt=\"Avion SNCASO SO-4050\" srcset=\"https:\/\/dictionnaire-cep.upf.pf\/wp-content\/uploads\/2025\/01\/Avion-SNCASO-SO-4050.jpg 2500w, https:\/\/dictionnaire-cep.upf.pf\/wp-content\/uploads\/2025\/01\/Avion-SNCASO-SO-4050-300x300.jpg 300w, https:\/\/dictionnaire-cep.upf.pf\/wp-content\/uploads\/2025\/01\/Avion-SNCASO-SO-4050-1024x1024.jpg 1024w, https:\/\/dictionnaire-cep.upf.pf\/wp-content\/uploads\/2025\/01\/Avion-SNCASO-SO-4050-150x150.jpg 150w, https:\/\/dictionnaire-cep.upf.pf\/wp-content\/uploads\/2025\/01\/Avion-SNCASO-SO-4050-768x768.jpg 768w, https:\/\/dictionnaire-cep.upf.pf\/wp-content\/uploads\/2025\/01\/Avion-SNCASO-SO-4050-1536x1536.jpg 1536w, https:\/\/dictionnaire-cep.upf.pf\/wp-content\/uploads\/2025\/01\/Avion-SNCASO-SO-4050-2048x2048.jpg 2048w\" sizes=\"auto, (max-width: 2500px) 100vw, 2500px\" \/>        <\/a>\n    \n        <\/div>\n    <!-- \/image-wrap -->\n    \n        <\/div>\n<!-- \/module image --><!-- module text -->\n<div  class=\"module module-text tb_sszy438   \" data-lazy=\"1\">\n        <div  class=\"tb_text_wrap\">\n        <p class=\"p1\">Avion SNCASO SO-4050 Vautour volant pr\u00e8s du nuage nucl\u00e9aire du tir Canopus en vue de pr\u00e9l\u00e8vement de particules \u00e0 des fins d\u2019analyses radiochimiques, Fangataufa, 24 ao\u00fbt 1968<\/p>\n<p class=\"p1\">F 68-318 RC59 \u00a9 Michel Leblanc\/ECPAD\/D\u00e9fense<\/p>\n<p class=\"p2\"><span class=\"s1\">Lien vers le reportage complet (63 clich\u00e9s) : <\/span><a href=\"https:\/\/imagesdefense.gouv.fr\/fr\/explosion-de-la-premiere-bombe-thermonucleaire-francaise-en-polynesie-francaise.html\">https:\/\/imagesdefense.gouv.fr\/fr\/explosion-de-la-premiere-bombe-thermonucleaire-francaise-en-polynesie-francaise.html<\/a><\/p>\n    <\/div>\n<\/div>\n<!-- \/module text -->        <\/div>\n                        <\/div>\n        <\/div>\n            <\/div>\n\t\t\t\t<\/article>\n\n\t\t\t\t\n\t\t\t\t\n\t\t\t\n\t\t\t\t\n\t\t\t\t\n\t\t\t\t<article id=\"post-2590\" class=\"post tf_clearfix post-2590 ressource type-ressource status-publish hentry categorie-de-ressources-iconographies has-post-title has-post-date has-post-category has-post-tag has-post-comment has-post-author \">\n\t\t\t\t\t    <div class=\"tbp_advanced_archive_wrap\">\n\t                <div  data-lazy=\"1\" class=\"module_row themify_builder_row tb_huae107 tf_w\">\n                        <div class=\"row_inner col_align_top tb_col_count_1 tf_box tf_rel\">\n                        <div  data-lazy=\"1\" class=\"module_column tb-column col-full tb_hcxs107 first\">\n                    <!-- module image -->\n<div  class=\"module module-image tb_7ije685 image-top   tf_mw\" data-lazy=\"1\">\n        <div class=\"image-wrap tf_rel tf_mw\">\n            <a href=\"https:\/\/dictionnaire-cep.upf.pf\/wp-content\/uploads\/2025\/01\/Le-ballon-captif-le-jour-du-tir-Canopus-au-dessus-du-lagon-de-Fangataufa.jpg\" class=\"lightbox-builder themify_lightbox\">\n                   <img loading=\"lazy\" decoding=\"async\" width=\"2500\" height=\"1670\" src=\"https:\/\/dictionnaire-cep.upf.pf\/wp-content\/uploads\/2025\/01\/Le-ballon-captif-le-jour-du-tir-Canopus-au-dessus-du-lagon-de-Fangataufa.jpg\" class=\"wp-post-image wp-image-2504\" title=\"Le ballon captif le jour du tir Canopus au-dessus du lagon de Fangataufa\" alt=\"Le ballon captif le jour du tir Canopus au-dessus du lagon de Fangataufa\" srcset=\"https:\/\/dictionnaire-cep.upf.pf\/wp-content\/uploads\/2025\/01\/Le-ballon-captif-le-jour-du-tir-Canopus-au-dessus-du-lagon-de-Fangataufa.jpg 2500w, https:\/\/dictionnaire-cep.upf.pf\/wp-content\/uploads\/2025\/01\/Le-ballon-captif-le-jour-du-tir-Canopus-au-dessus-du-lagon-de-Fangataufa-300x200.jpg 300w, https:\/\/dictionnaire-cep.upf.pf\/wp-content\/uploads\/2025\/01\/Le-ballon-captif-le-jour-du-tir-Canopus-au-dessus-du-lagon-de-Fangataufa-1024x684.jpg 1024w, https:\/\/dictionnaire-cep.upf.pf\/wp-content\/uploads\/2025\/01\/Le-ballon-captif-le-jour-du-tir-Canopus-au-dessus-du-lagon-de-Fangataufa-768x513.jpg 768w, https:\/\/dictionnaire-cep.upf.pf\/wp-content\/uploads\/2025\/01\/Le-ballon-captif-le-jour-du-tir-Canopus-au-dessus-du-lagon-de-Fangataufa-1536x1026.jpg 1536w, https:\/\/dictionnaire-cep.upf.pf\/wp-content\/uploads\/2025\/01\/Le-ballon-captif-le-jour-du-tir-Canopus-au-dessus-du-lagon-de-Fangataufa-2048x1368.jpg 2048w\" sizes=\"auto, (max-width: 2500px) 100vw, 2500px\" \/>        <\/a>\n    \n        <\/div>\n    <!-- \/image-wrap -->\n    \n        <\/div>\n<!-- \/module image --><!-- module text -->\n<div  class=\"module module-text tb_sszy438   \" data-lazy=\"1\">\n        <div  class=\"tb_text_wrap\">\n        <p class=\"p1\">Le ballon captif le jour du tir Canopus au-dessus du lagon de Fangataufa, 24 ao\u00fbt 1968. La nacelle de ce ballon captif gonfl\u00e9 \u00e0 l\u2019h\u00e9lium contient la premi\u00e8re bombe thermonucl\u00e9aire fran\u00e7aise (bombe H) qui explosera \u00e0 520 m\u00e8tres d\u2019altitude.<\/p>\n<p class=\"p1\">F 68-318 LC55 \u00a9 Michel Leblanc\/ECPAD\/D\u00e9fense<\/p>\n<p class=\"p2\"><span class=\"s1\">Lien vers le reportage complet (63 clich\u00e9s) : <\/span><a href=\"https:\/\/imagesdefense.gouv.fr\/fr\/explosion-de-la-premiere-bombe-thermonucleaire-francaise-en-polynesie-francaise.html\">https:\/\/imagesdefense.gouv.fr\/fr\/explosion-de-la-premiere-bombe-thermonucleaire-francaise-en-polynesie-francaise.html<\/a><\/p>\n    <\/div>\n<\/div>\n<!-- \/module text -->        <\/div>\n                        <\/div>\n        <\/div>\n            <\/div>\n\t\t\t\t<\/article>\n\n\t\t\t\t\n\t\t\t\t\n\t\t\t\n\t\t\t\t\n\t\t\t\t\n\t\t\t\t<article id=\"post-2589\" class=\"post tf_clearfix post-2589 ressource type-ressource status-publish hentry categorie-de-ressources-iconographies has-post-title has-post-date has-post-category has-post-tag has-post-comment has-post-author \">\n\t\t\t\t\t    <div class=\"tbp_advanced_archive_wrap\">\n\t                <div  data-lazy=\"1\" class=\"module_row themify_builder_row tb_huae107 tf_w\">\n                        <div class=\"row_inner col_align_top tb_col_count_1 tf_box tf_rel\">\n                        <div  data-lazy=\"1\" class=\"module_column tb-column col-full tb_hcxs107 first\">\n                    <!-- module image -->\n<div  class=\"module module-image tb_7ije685 image-top   tf_mw\" data-lazy=\"1\">\n        <div class=\"image-wrap tf_rel tf_mw\">\n            <a href=\"https:\/\/dictionnaire-cep.upf.pf\/wp-content\/uploads\/2025\/01\/Un-ballon-captif-servant-aux-essais-ae\u0301riens-Moruroa-aou\u0302t-1967.jpg\" class=\"lightbox-builder themify_lightbox\">\n                   <img loading=\"lazy\" decoding=\"async\" width=\"2362\" height=\"2362\" src=\"https:\/\/dictionnaire-cep.upf.pf\/wp-content\/uploads\/2025\/01\/Un-ballon-captif-servant-aux-essais-ae\u0301riens-Moruroa-aou\u0302t-1967.jpg\" class=\"wp-post-image wp-image-2500\" title=\"Un ballon captif servant aux essais ae\u0301riens, Moruroa, aou\u0302t 1967\" alt=\"Un ballon captif servant aux essais ae\u0301riens, Moruroa, aou\u0302t 1967\" srcset=\"https:\/\/dictionnaire-cep.upf.pf\/wp-content\/uploads\/2025\/01\/Un-ballon-captif-servant-aux-essais-ae\u0301riens-Moruroa-aou\u0302t-1967.jpg 2362w, https:\/\/dictionnaire-cep.upf.pf\/wp-content\/uploads\/2025\/01\/Un-ballon-captif-servant-aux-essais-ae\u0301riens-Moruroa-aou\u0302t-1967-300x300.jpg 300w, https:\/\/dictionnaire-cep.upf.pf\/wp-content\/uploads\/2025\/01\/Un-ballon-captif-servant-aux-essais-ae\u0301riens-Moruroa-aou\u0302t-1967-1024x1024.jpg 1024w, https:\/\/dictionnaire-cep.upf.pf\/wp-content\/uploads\/2025\/01\/Un-ballon-captif-servant-aux-essais-ae\u0301riens-Moruroa-aou\u0302t-1967-150x150.jpg 150w, https:\/\/dictionnaire-cep.upf.pf\/wp-content\/uploads\/2025\/01\/Un-ballon-captif-servant-aux-essais-ae\u0301riens-Moruroa-aou\u0302t-1967-768x768.jpg 768w, https:\/\/dictionnaire-cep.upf.pf\/wp-content\/uploads\/2025\/01\/Un-ballon-captif-servant-aux-essais-ae\u0301riens-Moruroa-aou\u0302t-1967-1536x1536.jpg 1536w, https:\/\/dictionnaire-cep.upf.pf\/wp-content\/uploads\/2025\/01\/Un-ballon-captif-servant-aux-essais-ae\u0301riens-Moruroa-aou\u0302t-1967-2048x2048.jpg 2048w\" sizes=\"auto, (max-width: 2362px) 100vw, 2362px\" \/>        <\/a>\n    \n        <\/div>\n    <!-- \/image-wrap -->\n    \n        <\/div>\n<!-- \/module image --><!-- module text -->\n<div  class=\"module module-text tb_sszy438   \" data-lazy=\"1\">\n        <div  class=\"tb_text_wrap\">\n        <p class=\"p1\">Un ballon captif servant aux essais a\u00e9riens, Moruroa, ao\u00fbt 1967<\/p>\n<p class=\"p1\">F 67-338 RC5 \u00a9 Photographe inconnu\/ECPAD\/D\u00e9fense<\/p>\n    <\/div>\n<\/div>\n<!-- \/module text -->        <\/div>\n                        <\/div>\n        <\/div>\n            <\/div>\n\t\t\t\t<\/article>\n\n\t\t\t\t\n\t\t\t\t\n\t\t\t\n\t\t\t\t\n\t\t\t\t\n\t\t\t\t<article id=\"post-2588\" class=\"post tf_clearfix post-2588 ressource type-ressource status-publish hentry categorie-de-ressources-iconographies has-post-title has-post-date has-post-category has-post-tag has-post-comment has-post-author \">\n\t\t\t\t\t    <div class=\"tbp_advanced_archive_wrap\">\n\t                <div  data-lazy=\"1\" class=\"module_row themify_builder_row tb_huae107 tf_w\">\n                        <div class=\"row_inner col_align_top tb_col_count_1 tf_box tf_rel\">\n                        <div  data-lazy=\"1\" class=\"module_column tb-column col-full tb_hcxs107 first\">\n                    <!-- module image -->\n<div  class=\"module module-image tb_7ije685 image-top   tf_mw\" data-lazy=\"1\">\n        <div class=\"image-wrap tf_rel tf_mw\">\n            <a href=\"https:\/\/dictionnaire-cep.upf.pf\/wp-content\/uploads\/2025\/01\/Mise-en-place-sur-latoll-de-Moruroa-de-masques-a\u0300-gaz.jpg\" class=\"lightbox-builder themify_lightbox\">\n                   <img loading=\"lazy\" decoding=\"async\" width=\"2500\" height=\"1688\" src=\"https:\/\/dictionnaire-cep.upf.pf\/wp-content\/uploads\/2025\/01\/Mise-en-place-sur-latoll-de-Moruroa-de-masques-a\u0300-gaz.jpg\" class=\"wp-post-image wp-image-2496\" title=\"Mise en place sur l\u2019atoll de Moruroa de masques a\u0300 gaz\" alt=\"Mise en place sur l\u2019atoll de Moruroa de masques a\u0300 gaz\" srcset=\"https:\/\/dictionnaire-cep.upf.pf\/wp-content\/uploads\/2025\/01\/Mise-en-place-sur-latoll-de-Moruroa-de-masques-a\u0300-gaz.jpg 2500w, https:\/\/dictionnaire-cep.upf.pf\/wp-content\/uploads\/2025\/01\/Mise-en-place-sur-latoll-de-Moruroa-de-masques-a\u0300-gaz-300x203.jpg 300w, https:\/\/dictionnaire-cep.upf.pf\/wp-content\/uploads\/2025\/01\/Mise-en-place-sur-latoll-de-Moruroa-de-masques-a\u0300-gaz-1024x691.jpg 1024w, https:\/\/dictionnaire-cep.upf.pf\/wp-content\/uploads\/2025\/01\/Mise-en-place-sur-latoll-de-Moruroa-de-masques-a\u0300-gaz-768x519.jpg 768w, https:\/\/dictionnaire-cep.upf.pf\/wp-content\/uploads\/2025\/01\/Mise-en-place-sur-latoll-de-Moruroa-de-masques-a\u0300-gaz-1536x1037.jpg 1536w, https:\/\/dictionnaire-cep.upf.pf\/wp-content\/uploads\/2025\/01\/Mise-en-place-sur-latoll-de-Moruroa-de-masques-a\u0300-gaz-2048x1383.jpg 2048w\" sizes=\"auto, (max-width: 2500px) 100vw, 2500px\" \/>        <\/a>\n    \n        <\/div>\n    <!-- \/image-wrap -->\n    \n        <\/div>\n<!-- \/module image --><!-- module text -->\n<div  class=\"module module-text tb_sszy438   \" data-lazy=\"1\">\n        <div  class=\"tb_text_wrap\">\n        <p class=\"p1\">Mise en place sur l\u2019atoll de Moruroa de masques \u00e0 gaz pour l\u2019\u00e9tude des effets d\u2019un essai nucl\u00e9aire sur le mat\u00e9riel, juillet 1967.<\/p>\n<p class=\"p1\">F 67-308 LC38 \u00a9 Photographe inconnu\/ECPAD\/D\u00e9fense<\/p>\n    <\/div>\n<\/div>\n<!-- \/module text -->        <\/div>\n                        <\/div>\n        <\/div>\n            <\/div>\n\t\t\t\t<\/article>\n\n\t\t\t\t\n\t\t\t\t\n\t\t\t\n\t\t\t\t\n\t\t\t\t\n\t\t\t\t<article id=\"post-2587\" class=\"post tf_clearfix post-2587 ressource type-ressource status-publish hentry categorie-de-ressources-iconographies has-post-title has-post-date has-post-category has-post-tag has-post-comment has-post-author \">\n\t\t\t\t\t    <div class=\"tbp_advanced_archive_wrap\">\n\t                <div  data-lazy=\"1\" class=\"module_row themify_builder_row tb_huae107 tf_w\">\n                        <div class=\"row_inner col_align_top tb_col_count_1 tf_box tf_rel\">\n                        <div  data-lazy=\"1\" class=\"module_column tb-column col-full tb_hcxs107 first\">\n                    <!-- module image -->\n<div  class=\"module module-image tb_7ije685 image-top   tf_mw\" data-lazy=\"1\">\n        <div class=\"image-wrap tf_rel tf_mw\">\n            <a href=\"https:\/\/dictionnaire-cep.upf.pf\/wp-content\/uploads\/2025\/01\/Militaires-et-civils-du-CEP-lors-du-tir-Arcturus-qui-sest-de\u0301roule\u0301-a\u0300-Moruroa-le-2-juillet-1967.jpg\" class=\"lightbox-builder themify_lightbox\">\n                   <img loading=\"lazy\" decoding=\"async\" width=\"2500\" height=\"1688\" src=\"https:\/\/dictionnaire-cep.upf.pf\/wp-content\/uploads\/2025\/01\/Militaires-et-civils-du-CEP-lors-du-tir-Arcturus-qui-sest-de\u0301roule\u0301-a\u0300-Moruroa-le-2-juillet-1967.jpg\" class=\"wp-post-image wp-image-2492\" title=\"Militaires et civils du CEP lors du tir Arcturus qui s\u2019est de\u0301roule\u0301 a\u0300 Moruroa le 2 juillet 1967\" alt=\"Militaires et civils du CEP lors du tir Arcturus qui s\u2019est de\u0301roule\u0301 a\u0300 Moruroa le 2 juillet 1967\" srcset=\"https:\/\/dictionnaire-cep.upf.pf\/wp-content\/uploads\/2025\/01\/Militaires-et-civils-du-CEP-lors-du-tir-Arcturus-qui-sest-de\u0301roule\u0301-a\u0300-Moruroa-le-2-juillet-1967.jpg 2500w, https:\/\/dictionnaire-cep.upf.pf\/wp-content\/uploads\/2025\/01\/Militaires-et-civils-du-CEP-lors-du-tir-Arcturus-qui-sest-de\u0301roule\u0301-a\u0300-Moruroa-le-2-juillet-1967-300x203.jpg 300w, https:\/\/dictionnaire-cep.upf.pf\/wp-content\/uploads\/2025\/01\/Militaires-et-civils-du-CEP-lors-du-tir-Arcturus-qui-sest-de\u0301roule\u0301-a\u0300-Moruroa-le-2-juillet-1967-1024x691.jpg 1024w, https:\/\/dictionnaire-cep.upf.pf\/wp-content\/uploads\/2025\/01\/Militaires-et-civils-du-CEP-lors-du-tir-Arcturus-qui-sest-de\u0301roule\u0301-a\u0300-Moruroa-le-2-juillet-1967-768x519.jpg 768w, https:\/\/dictionnaire-cep.upf.pf\/wp-content\/uploads\/2025\/01\/Militaires-et-civils-du-CEP-lors-du-tir-Arcturus-qui-sest-de\u0301roule\u0301-a\u0300-Moruroa-le-2-juillet-1967-1536x1037.jpg 1536w, https:\/\/dictionnaire-cep.upf.pf\/wp-content\/uploads\/2025\/01\/Militaires-et-civils-du-CEP-lors-du-tir-Arcturus-qui-sest-de\u0301roule\u0301-a\u0300-Moruroa-le-2-juillet-1967-2048x1383.jpg 2048w\" sizes=\"auto, (max-width: 2500px) 100vw, 2500px\" \/>        <\/a>\n    \n        <\/div>\n    <!-- \/image-wrap -->\n    \n        <\/div>\n<!-- \/module image --><!-- module text -->\n<div  class=\"module module-text tb_sszy438   \" data-lazy=\"1\">\n        <div  class=\"tb_text_wrap\">\n        <p class=\"p1\">Militaires et civils du CEP lors du tir Arcturus qui s\u2019est d\u00e9roul\u00e9 \u00e0 Moruroa le 2 juillet 1967. On peut remarquer les diff\u00e9rents types de protection dont sont \u00e9quip\u00e9s ces spectateurs<\/p>\n<p class=\"p1\">F 67-308 LC27 \u00a9 Photographe inconnu\/ECPAD\/D\u00e9fense<\/p>\n    <\/div>\n<\/div>\n<!-- \/module text -->        <\/div>\n                        <\/div>\n        <\/div>\n            <\/div>\n\t\t\t\t<\/article>\n\n\t\t\t\t\n\t\t\t\t\n\t\t\t\t\t\t\n\t\t<\/div><!-- .builder-posts-wrap -->\n\n\t\t\t\n<\/div><!-- \/advanced-posts module -->\n        <\/div>\n                        <\/div>\n        <\/div>\n        <\/div>\n<!--\/themify_builder_content-->","protected":false},"excerpt":{"rendered":"<p>Ressources iconographiques<\/p>\n","protected":false},"author":1,"featured_media":2492,"parent":1568,"menu_order":0,"comment_status":"closed","ping_status":"closed","template":"","meta":{"_acf_changed":false,"footnotes":""},"class_list":["post-2575","page","type-page","status-publish","has-post-thumbnail","hentry","has-post-title","has-post-date","has-post-category","has-post-tag","has-post-comment","has-post-author",""],"acf":[],"yoast_head":"<!-- This site is optimized with the Yoast SEO Premium plugin v24.4 (Yoast SEO v27.1.1) - https:\/\/yoast.com\/product\/yoast-seo-premium-wordpress\/ -->\n<title>Ressources iconographiques - Dictionnaire historique du CEP<\/title>\n<meta name=\"robots\" content=\"index, follow, max-snippet:-1, max-image-preview:large, max-video-preview:-1\" \/>\n<link rel=\"canonical\" href=\"https:\/\/dictionnaire-cep.upf.pf\/tah\/ressources\/ressources-iconographiques\/\" \/>\n<meta property=\"og:locale\" content=\"en_US\" \/>\n<meta property=\"og:type\" content=\"article\" \/>\n<meta property=\"og:title\" content=\"Ressources iconographiques\" \/>\n<meta property=\"og:description\" content=\"Ressources iconographiques\" \/>\n<meta property=\"og:url\" content=\"https:\/\/dictionnaire-cep.upf.pf\/tah\/ressources\/ressources-iconographiques\/\" \/>\n<meta property=\"og:site_name\" content=\"Dictionnaire historique du CEP\" \/>\n<meta property=\"article:modified_time\" content=\"2025-01-31T21:53:00+00:00\" \/>\n<meta property=\"og:image\" content=\"https:\/\/dictionnaire-cep.upf.pf\/wp-content\/uploads\/2025\/01\/Militaires-et-civils-du-CEP-lors-du-tir-Arcturus-qui-sest-de\u0301roule\u0301-a\u0300-Moruroa-le-2-juillet-1967.jpg\" \/>\n\t<meta property=\"og:image:width\" content=\"2500\" \/>\n\t<meta property=\"og:image:height\" content=\"1688\" \/>\n\t<meta property=\"og:image:type\" content=\"image\/jpeg\" \/>\n<meta name=\"twitter:card\" content=\"summary_large_image\" \/>\n<meta name=\"twitter:label1\" content=\"Est. reading time\" \/>\n\t<meta name=\"twitter:data1\" content=\"1 minute\" \/>\n<script type=\"application\/ld+json\" class=\"yoast-schema-graph\">{\"@context\":\"https:\/\/schema.org\",\"@graph\":[{\"@type\":\"WebPage\",\"@id\":\"https:\/\/dictionnaire-cep.upf.pf\/tah\/ressources\/ressources-iconographiques\/\",\"url\":\"https:\/\/dictionnaire-cep.upf.pf\/tah\/ressources\/ressources-iconographiques\/\",\"name\":\"Ressources iconographiques - Dictionnaire historique du CEP\",\"isPartOf\":{\"@id\":\"https:\/\/dictionnaire-cep.upf.pf\/#website\"},\"primaryImageOfPage\":{\"@id\":\"https:\/\/dictionnaire-cep.upf.pf\/tah\/ressources\/ressources-iconographiques\/#primaryimage\"},\"image\":{\"@id\":\"https:\/\/dictionnaire-cep.upf.pf\/tah\/ressources\/ressources-iconographiques\/#primaryimage\"},\"thumbnailUrl\":\"https:\/\/dictionnaire-cep.upf.pf\/wp-content\/uploads\/2025\/01\/Militaires-et-civils-du-CEP-lors-du-tir-Arcturus-qui-sest-de\u0301roule\u0301-a\u0300-Moruroa-le-2-juillet-1967.jpg\",\"datePublished\":\"2024-12-18T23:02:58+00:00\",\"dateModified\":\"2025-01-31T21:53:00+00:00\",\"breadcrumb\":{\"@id\":\"https:\/\/dictionnaire-cep.upf.pf\/tah\/ressources\/ressources-iconographiques\/#breadcrumb\"},\"inLanguage\":\"ty-reo\",\"potentialAction\":[{\"@type\":\"ReadAction\",\"target\":[\"https:\/\/dictionnaire-cep.upf.pf\/tah\/ressources\/ressources-iconographiques\/\"]}]},{\"@type\":\"ImageObject\",\"inLanguage\":\"ty-reo\",\"@id\":\"https:\/\/dictionnaire-cep.upf.pf\/tah\/ressources\/ressources-iconographiques\/#primaryimage\",\"url\":\"https:\/\/dictionnaire-cep.upf.pf\/wp-content\/uploads\/2025\/01\/Militaires-et-civils-du-CEP-lors-du-tir-Arcturus-qui-sest-de\u0301roule\u0301-a\u0300-Moruroa-le-2-juillet-1967.jpg\",\"contentUrl\":\"https:\/\/dictionnaire-cep.upf.pf\/wp-content\/uploads\/2025\/01\/Militaires-et-civils-du-CEP-lors-du-tir-Arcturus-qui-sest-de\u0301roule\u0301-a\u0300-Moruroa-le-2-juillet-1967.jpg\",\"width\":2500,\"height\":1688},{\"@type\":\"BreadcrumbList\",\"@id\":\"https:\/\/dictionnaire-cep.upf.pf\/tah\/ressources\/ressources-iconographiques\/#breadcrumb\",\"itemListElement\":[{\"@type\":\"ListItem\",\"position\":1,\"name\":\"Accueil\",\"item\":\"https:\/\/dictionnaire-cep.upf.pf\/tah\/\"},{\"@type\":\"ListItem\",\"position\":2,\"name\":\"Te mau \u2019ara\u2019arara\u2019a\",\"item\":\"https:\/\/dictionnaire-cep.upf.pf\/tah\/ressources\/\"},{\"@type\":\"ListItem\",\"position\":3,\"name\":\"Ressources iconographiques\"}]},{\"@type\":\"WebSite\",\"@id\":\"https:\/\/dictionnaire-cep.upf.pf\/#website\",\"url\":\"https:\/\/dictionnaire-cep.upf.pf\/\",\"name\":\"Dictionnaire historique du CEP\",\"description\":\"\",\"publisher\":{\"@id\":\"https:\/\/dictionnaire-cep.upf.pf\/#organization\"},\"potentialAction\":[{\"@type\":\"SearchAction\",\"target\":{\"@type\":\"EntryPoint\",\"urlTemplate\":\"https:\/\/dictionnaire-cep.upf.pf\/?s={search_term_string}\"},\"query-input\":{\"@type\":\"PropertyValueSpecification\",\"valueRequired\":true,\"valueName\":\"search_term_string\"}}],\"inLanguage\":\"ty-reo\"},{\"@type\":\"Organization\",\"@id\":\"https:\/\/dictionnaire-cep.upf.pf\/#organization\",\"name\":\"Dictionnaire historique du CEP\",\"url\":\"https:\/\/dictionnaire-cep.upf.pf\/\",\"logo\":{\"@type\":\"ImageObject\",\"inLanguage\":\"ty-reo\",\"@id\":\"https:\/\/dictionnaire-cep.upf.pf\/#\/schema\/logo\/image\/\",\"url\":\"https:\/\/dictionnaire-cep.upf.pf\/wp-content\/uploads\/2025\/02\/logo-dictionnaire-du-cep-bg-dark.png\",\"contentUrl\":\"https:\/\/dictionnaire-cep.upf.pf\/wp-content\/uploads\/2025\/02\/logo-dictionnaire-du-cep-bg-dark.png\",\"width\":790,\"height\":782,\"caption\":\"Dictionnaire historique du CEP\"},\"image\":{\"@id\":\"https:\/\/dictionnaire-cep.upf.pf\/#\/schema\/logo\/image\/\"},\"publishingPrinciples\":\"https:\/\/dictionnaire-cep.upf.pf\/notices\/\"}]}<\/script>\n<!-- \/ Yoast SEO Premium plugin. -->","yoast_head_json":{"title":"Ressources iconographiques - Dictionnaire historique du CEP","robots":{"index":"index","follow":"follow","max-snippet":"max-snippet:-1","max-image-preview":"max-image-preview:large","max-video-preview":"max-video-preview:-1"},"canonical":"https:\/\/dictionnaire-cep.upf.pf\/tah\/ressources\/ressources-iconographiques\/","og_locale":"en_US","og_type":"article","og_title":"Ressources iconographiques","og_description":"Ressources iconographiques","og_url":"https:\/\/dictionnaire-cep.upf.pf\/tah\/ressources\/ressources-iconographiques\/","og_site_name":"Dictionnaire historique du CEP","article_modified_time":"2025-01-31T21:53:00+00:00","og_image":[{"width":2500,"height":1688,"url":"https:\/\/dictionnaire-cep.upf.pf\/wp-content\/uploads\/2025\/01\/Militaires-et-civils-du-CEP-lors-du-tir-Arcturus-qui-sest-de\u0301roule\u0301-a\u0300-Moruroa-le-2-juillet-1967.jpg","type":"image\/jpeg"}],"twitter_card":"summary_large_image","twitter_misc":{"Est. reading time":"1 minute"},"schema":{"@context":"https:\/\/schema.org","@graph":[{"@type":"WebPage","@id":"https:\/\/dictionnaire-cep.upf.pf\/tah\/ressources\/ressources-iconographiques\/","url":"https:\/\/dictionnaire-cep.upf.pf\/tah\/ressources\/ressources-iconographiques\/","name":"Ressources iconographiques - Dictionnaire historique du CEP","isPartOf":{"@id":"https:\/\/dictionnaire-cep.upf.pf\/#website"},"primaryImageOfPage":{"@id":"https:\/\/dictionnaire-cep.upf.pf\/tah\/ressources\/ressources-iconographiques\/#primaryimage"},"image":{"@id":"https:\/\/dictionnaire-cep.upf.pf\/tah\/ressources\/ressources-iconographiques\/#primaryimage"},"thumbnailUrl":"https:\/\/dictionnaire-cep.upf.pf\/wp-content\/uploads\/2025\/01\/Militaires-et-civils-du-CEP-lors-du-tir-Arcturus-qui-sest-de\u0301roule\u0301-a\u0300-Moruroa-le-2-juillet-1967.jpg","datePublished":"2024-12-18T23:02:58+00:00","dateModified":"2025-01-31T21:53:00+00:00","breadcrumb":{"@id":"https:\/\/dictionnaire-cep.upf.pf\/tah\/ressources\/ressources-iconographiques\/#breadcrumb"},"inLanguage":"ty-reo","potentialAction":[{"@type":"ReadAction","target":["https:\/\/dictionnaire-cep.upf.pf\/tah\/ressources\/ressources-iconographiques\/"]}]},{"@type":"ImageObject","inLanguage":"ty-reo","@id":"https:\/\/dictionnaire-cep.upf.pf\/tah\/ressources\/ressources-iconographiques\/#primaryimage","url":"https:\/\/dictionnaire-cep.upf.pf\/wp-content\/uploads\/2025\/01\/Militaires-et-civils-du-CEP-lors-du-tir-Arcturus-qui-sest-de\u0301roule\u0301-a\u0300-Moruroa-le-2-juillet-1967.jpg","contentUrl":"https:\/\/dictionnaire-cep.upf.pf\/wp-content\/uploads\/2025\/01\/Militaires-et-civils-du-CEP-lors-du-tir-Arcturus-qui-sest-de\u0301roule\u0301-a\u0300-Moruroa-le-2-juillet-1967.jpg","width":2500,"height":1688},{"@type":"BreadcrumbList","@id":"https:\/\/dictionnaire-cep.upf.pf\/tah\/ressources\/ressources-iconographiques\/#breadcrumb","itemListElement":[{"@type":"ListItem","position":1,"name":"Accueil","item":"https:\/\/dictionnaire-cep.upf.pf\/tah\/"},{"@type":"ListItem","position":2,"name":"Te mau \u2019ara\u2019arara\u2019a","item":"https:\/\/dictionnaire-cep.upf.pf\/tah\/ressources\/"},{"@type":"ListItem","position":3,"name":"Ressources iconographiques"}]},{"@type":"WebSite","@id":"https:\/\/dictionnaire-cep.upf.pf\/#website","url":"https:\/\/dictionnaire-cep.upf.pf\/","name":"Dictionnaire historique du CEP","description":"","publisher":{"@id":"https:\/\/dictionnaire-cep.upf.pf\/#organization"},"potentialAction":[{"@type":"SearchAction","target":{"@type":"EntryPoint","urlTemplate":"https:\/\/dictionnaire-cep.upf.pf\/?s={search_term_string}"},"query-input":{"@type":"PropertyValueSpecification","valueRequired":true,"valueName":"search_term_string"}}],"inLanguage":"ty-reo"},{"@type":"Organization","@id":"https:\/\/dictionnaire-cep.upf.pf\/#organization","name":"Dictionnaire historique du CEP","url":"https:\/\/dictionnaire-cep.upf.pf\/","logo":{"@type":"ImageObject","inLanguage":"ty-reo","@id":"https:\/\/dictionnaire-cep.upf.pf\/#\/schema\/logo\/image\/","url":"https:\/\/dictionnaire-cep.upf.pf\/wp-content\/uploads\/2025\/02\/logo-dictionnaire-du-cep-bg-dark.png","contentUrl":"https:\/\/dictionnaire-cep.upf.pf\/wp-content\/uploads\/2025\/02\/logo-dictionnaire-du-cep-bg-dark.png","width":790,"height":782,"caption":"Dictionnaire historique du CEP"},"image":{"@id":"https:\/\/dictionnaire-cep.upf.pf\/#\/schema\/logo\/image\/"},"publishingPrinciples":"https:\/\/dictionnaire-cep.upf.pf\/notices\/"}]}},"builder_content":"<h1>Ressources iconographiques<\/h1>\n<p>Le fonds photographique de l\u2019\u00c9tablissement de communication et de production audiovisuelle de la D\u00e9fense (ECPAD)<\/p> <p>La forte pr\u00e9sence militaire au sein du Centre d\u2019exp\u00e9rimentation du Pacifique (CEP) a amen\u00e9 en Polyn\u00e9sie fran\u00e7aise des photographes et cameramen de cet \u00e9tablissement \u2013 bas\u00e9 au fort d\u2019Ivry (Val-de-Marne) et relevant du minist\u00e8re des Arm\u00e9es \u2013 pour documenter par l\u2019image les infrastructures, missions et personnels du centre \u00e0 des fins d\u2019information et de communication.<\/p> <p>Ces reportages sont des t\u00e9moignages pr\u00e9cieux pour mieux comprendre, des ann\u00e9es 1960 aux ann\u00e9es 1990, les changements li\u00e9s \u00e0 l\u2019implantation et aux activit\u00e9s CEP sur la Polyn\u00e9sie fran\u00e7aise et sa soci\u00e9t\u00e9.<\/p> <p>Vous trouverez sur le lien suivant les photographies et films pour la p\u00e9riode 1964-1989 disponible sur le site Images D\u00e9fense g\u00e9r\u00e9 par l\u2019ECPAD : <a href=\"https:\/\/imagesdefense.gouv.fr\/fr\/nos-collections\/chronologie\/1963-1989\/forces-de-souverainete-outre-mer\/polynesie-francaise-1964-1989.html\">https:\/\/imagesdefense.gouv.fr\/fr\/nos-collections\/chronologie\/1963-1989\/forces-de-souverainete-outre-mer\/polynesie-francaise-1964-1989.html<\/a>&nbsp;&nbsp;<\/p> <p>Les photographies pr\u00e9sent\u00e9es et l\u00e9gend\u00e9es ci-dessous renvoient \u00e9galement vers les reportages complets lorsqu\u2019ils sont disponibles en ligne sur le site Images D\u00e9fense.<\/p>\n","_links":{"self":[{"href":"https:\/\/dictionnaire-cep.upf.pf\/tah\/wp-json\/wp\/v2\/pages\/2575","targetHints":{"allow":["GET"]}}],"collection":[{"href":"https:\/\/dictionnaire-cep.upf.pf\/tah\/wp-json\/wp\/v2\/pages"}],"about":[{"href":"https:\/\/dictionnaire-cep.upf.pf\/tah\/wp-json\/wp\/v2\/types\/page"}],"author":[{"embeddable":true,"href":"https:\/\/dictionnaire-cep.upf.pf\/tah\/wp-json\/wp\/v2\/users\/1"}],"replies":[{"embeddable":true,"href":"https:\/\/dictionnaire-cep.upf.pf\/tah\/wp-json\/wp\/v2\/comments?post=2575"}],"version-history":[{"count":9,"href":"https:\/\/dictionnaire-cep.upf.pf\/tah\/wp-json\/wp\/v2\/pages\/2575\/revisions"}],"predecessor-version":[{"id":2987,"href":"https:\/\/dictionnaire-cep.upf.pf\/tah\/wp-json\/wp\/v2\/pages\/2575\/revisions\/2987"}],"up":[{"embeddable":true,"href":"https:\/\/dictionnaire-cep.upf.pf\/tah\/wp-json\/wp\/v2\/pages\/1568"}],"wp:featuredmedia":[{"embeddable":true,"href":"https:\/\/dictionnaire-cep.upf.pf\/tah\/wp-json\/wp\/v2\/media\/2492"}],"wp:attachment":[{"href":"https:\/\/dictionnaire-cep.upf.pf\/tah\/wp-json\/wp\/v2\/media?parent=2575"}],"curies":[{"name":"wp","href":"https:\/\/api.w.org\/{rel}","templated":true}]}}